{"id":1815,"date":"2023-07-21T09:22:56","date_gmt":"2023-07-21T07:22:56","guid":{"rendered":"https:\/\/vtbati.fr\/vtbati\/?post_type=product&#038;p=1815"},"modified":"2023-07-28T17:49:05","modified_gmt":"2023-07-28T15:49:05","slug":"nos-pergolas","status":"publish","type":"product","link":"http:\/\/s350233878.onlinehome.fr\/index.php\/produit\/nos-pergolas\/","title":{"rendered":"Nos pergolas"},"content":{"rendered":"<h2 class=\"first-block__title has-large-font-size\"><span class=\"has-primary-color\"><span style=\"vertical-align: inherit;\"><span style=\"vertical-align: inherit;\"><span style=\"vertical-align: inherit;\"><span style=\"vertical-align: inherit;\"><span style=\"vertical-align: inherit;\"><span style=\"vertical-align: inherit;\"><span style=\"vertical-align: inherit;\"><span style=\"vertical-align: inherit;\"><span style=\"vertical-align: inherit;\"><span style=\"vertical-align: inherit;\">VTBatizoom<\/span><\/span><\/span><\/span><\/span><\/span><\/span><\/span><\/span><\/span><\/span><span style=\"vertical-align: inherit;\"><span style=\"vertical-align: inherit;\"><span style=\"vertical-align: inherit;\"><span style=\"vertical-align: inherit;\"><span style=\"vertical-align: inherit;\"><span style=\"vertical-align: inherit;\"><span style=\"vertical-align: inherit;\"><span style=\"vertical-align: inherit;\"><span style=\"vertical-align: inherit;\"><span style=\"vertical-align: inherit;\"> *<\/span><\/span><\/span><\/span><\/span><\/span><\/span><\/span><\/span><\/span><\/h2>\n<h3 class=\"has-big-font-size\">*En d\u00e9tails &#8230;<\/h3>\n<div class=\"first-block__description needs-space\"><strong>La pergola bioclimatique \u00e0 lames orientables<\/strong><br \/>\nStructure design et innovante, la pergola bioclimatique OPEN est \u00e9quip\u00e9e de lames orientables jusqu\u2019\u00e0 160\u00b0 pour une ma\u00eetrise parfaite de l\u2019ensoleillement.<\/div>\n<div>\n<p>Fabricant de stores ext\u00e9rieurs, de brise-soleil orientables et de pergolas bioclimatiques, la marque Marquises est reconnue pour sa production et ses solutions sur-mesure.<\/p>\n<p>Implant\u00e9e sur 30 000 m\u00b2, l\u2019usine de fabrication fabrique l\u2019ensemble des composants du store (\u00e0 l\u2019exception du filage, de la toile et du moteur) et assure un gage de souplesse et de r\u00e9activit\u00e9 gr\u00e2ce \u00e0 un stock permanent et des d\u00e9lais de livraison optimis\u00e9s.<\/p>\n<h2>Comment choisir le type de pose de sa pergola bioclimatique ?<\/h2>\n<p>On distingue 3\u00a0<strong>types de pose<\/strong>\u00a0qui pourront convenir \u00e0 vos besoins. Il est possible de choisir entre :<\/p>\n<ul>\n<li>Une\u00a0<strong>pose libre<\/strong>\u00a0: cette disposition permet de placer librement votre produit sans pour autant avoir besoin n\u00e9cessairement d\u2019un support. Parfait pour abriter un espace au centre du jardin, en bordure de piscine.<\/li>\n<li>Une<strong>\u00a0pose murale lat\u00e9rale<\/strong>\u00a0: cette configuration en applique est id\u00e9ale pour une terrasse situ\u00e9e sur un pignon de maison par exemple ou lorsqu\u2019on souhaite une terrasse avec de grands volumes en fa\u00e7ade.<\/li>\n<li>Une<strong>\u00a0pose murale frontale<\/strong>, cette pose en applique permet de pr\u00e9server l\u2019esth\u00e9tique de votre pavillon.<\/li>\n<\/ul>\n<p><a class=\"prettyPhoto\" href=\"https:\/\/apointferme.fr\/img\/cms\/BLOG\/type-de-pose-pergola-bioclimatique-ete-vacance-repos.jpg\"><img fetchpriority=\"high\" decoding=\"async\" src=\"https:\/\/apointferme.fr\/img\/cms\/BLOG\/type-de-pose-pergola-bioclimatique-ete-vacance-repos.jpg\" alt=\"type de pose pergola bioclimatique open et izi\" width=\"600\" height=\"400\" \/><\/a><\/p>\n<h2>Disposition des modules<\/h2>\n<p>Il est parfois n\u00e9cessaire de prendre plusieurs modules de pergola. En effet, il existe une limite dimensionnelle avec une largeur et une avanc\u00e9e maximum pour assurer la r\u00e9sistance de la structure de la pergola. Il est important de noter que la largeur de la pergola d\u00e9pend de la largeur des lames (elles ne peuvent \u00eatre coup\u00e9es !) Pour pallier cette limite, il est possible d\u2019avoir plusieurs modules, et ainsi plusieurs\u00a0<strong>configurations<\/strong>\u00a0possibles. Pour chaque type de pose, il y a des possibilit\u00e9s diff\u00e9rentes pour la disposition des modules afin de vous aider au mieux.<\/p>\n<p>Vous pouvez retrouver ci-dessous les diff\u00e9rentes dispositions de module existantes.<\/p>\n<div class=\"row\">\n<div class=\"col-md-6\">\n<p><strong>Gamme Open\u00a0:<\/strong><\/p>\n<p>Pose Murale Frontale :<\/p>\n<p><a class=\"prettyPhoto\" href=\"https:\/\/apointferme.fr\/img\/cms\/BLOG\/diposition-module-Marquises-pergola-bioclimatique.jpg\"><img decoding=\"async\" src=\"https:\/\/apointferme.fr\/img\/cms\/BLOG\/diposition-module-Marquises-pergola-bioclimatique.jpg\" alt=\"\" width=\"400\" height=\"286\" \/><\/a><\/p>\n<p>Pose Libre :<\/p>\n<p><a class=\"prettyPhoto\" href=\"https:\/\/apointferme.fr\/img\/cms\/BLOG\/pose-libre-disposition-module-open-pergola-bioclimatique.jpg\"><img decoding=\"async\" src=\"https:\/\/apointferme.fr\/img\/cms\/BLOG\/pose-libre-disposition-module-open-pergola-bioclimatique.jpg\" alt=\"pose libre disposition\" width=\"400\" height=\"286\" \/><\/a><\/p>\n<p>Pose Murale Lat\u00e9ral :<\/p>\n<p><a class=\"prettyPhoto\" href=\"https:\/\/apointferme.fr\/img\/cms\/BLOG\/pose-murale-lateral-open-pergola-bioclimatique.jpg\"><img loading=\"lazy\" decoding=\"async\" src=\"https:\/\/apointferme.fr\/img\/cms\/BLOG\/pose-murale-lateral-open-pergola-bioclimatique.jpg\" alt=\"disposition murale laterale\" width=\"400\" height=\"286\" \/><\/a><\/p>\n<\/div>\n<div class=\"col-md-6\">\n<p><strong>Gamme Izi :<\/strong><\/p>\n<p>Pose Murale Frontale :<\/p>\n<p><a class=\"prettyPhoto\" href=\"https:\/\/apointferme.fr\/img\/cms\/BLOG\/disposition-module-Marquises-pergola-bioclimatique-izi-frontale.jpg\"><img loading=\"lazy\" decoding=\"async\" src=\"https:\/\/apointferme.fr\/img\/cms\/BLOG\/disposition-module-Marquises-pergola-bioclimatique-izi-frontale.jpg\" alt=\"disposition frontale\" width=\"400\" height=\"286\" \/><\/a><\/p>\n<p>Pose Libre :<\/p>\n<p><a class=\"prettyPhoto\" href=\"https:\/\/apointferme.fr\/img\/cms\/BLOG\/pose-libre-module-Izi-pergola-bioclimatique.jpg\"><img loading=\"lazy\" decoding=\"async\" src=\"https:\/\/apointferme.fr\/img\/cms\/BLOG\/pose-libre-module-Izi-pergola-bioclimatique.jpg\" alt=\"disposition libre\" width=\"400\" height=\"286\" \/><\/a><\/p>\n<p>Pose Murale Lat\u00e9ral :<\/p>\n<p><a class=\"prettyPhoto\" href=\"https:\/\/apointferme.fr\/img\/cms\/BLOG\/pose-murale-lateral-Izi-pergola-bioclimatique-marquises.jpg\"><img loading=\"lazy\" decoding=\"async\" src=\"https:\/\/apointferme.fr\/img\/cms\/BLOG\/pose-murale-lateral-Izi-pergola-bioclimatique-marquises.jpg\" alt=\"disposition murale lateral\" width=\"400\" height=\"286\" \/><\/a><\/p>\n<\/div>\n<\/div>\n<p>Si besoin, vous pouvez faire une demande sp\u00e9cifique aupr\u00e8s de notre \u00e9quipe afin de conna\u00eetre la disposition id\u00e9ale pour votre projet.<\/p>\n<h2>Le sens de l&rsquo;orientation des lames<\/h2>\n<p>Afin d&rsquo;orienter vos\u00a0<strong>lames orientables<\/strong>\u00a0en fonction de la m\u00e9t\u00e9o ou de vos envies, vous avez la possibilit\u00e9 de r\u00e9gler la position de vos lames :<\/p>\n<ul>\n<li>Tout d\u2019abord la position ferm\u00e9e, elle prot\u00e8ge de la pluie votre terrasse.<\/li>\n<li>Puis nous avons la position 1, elle permet la ventilation.<\/li>\n<li>Ensuite la position 2, c\u2019est la position interm\u00e9diaire, gr\u00e2ce \u00e0 cette \u00e9tape l\u2019eau est \u00e9vacu\u00e9e vers les goutti\u00e8res.<\/li>\n<li>Et enfin la position 3, elle vous permet de ma\u00eetriser l\u2019ensoleillement sous la pergola.<\/li>\n<\/ul>\n<p>Il est possible d\u2019orienter les lames \u00e0 90\u00b0, cette ouverture permet un clair jour sur la terrasse.<\/p>\n<p><a class=\"prettyPhoto\" href=\"https:\/\/apointferme.fr\/img\/cms\/BLOG\/lame-pergola-bioclimatique-orientable.jpg\"><img loading=\"lazy\" decoding=\"async\" src=\"https:\/\/apointferme.fr\/img\/cms\/BLOG\/lame-pergola-bioclimatique-orientable.jpg\" alt=\"lame orientable\" width=\"300\" height=\"300\" \/><\/a><\/p>\n<div class=\"elementor-element elementor-element-1efebe87 title-description-prod elementor-widget elementor-widget-text-editor\" data-id=\"1efebe87\" data-element_type=\"widget\" data-widget_type=\"text-editor.default\">\n<div class=\"elementor-widget-container\">\n<div class=\"elementor-text-editor elementor-clearfix\">\n<p>Les points forts<\/p>\n<\/div>\n<\/div>\n<\/div>\n<section class=\"elementor-element elementor-element-2ba54c46 elementor-section-boxed elementor-section-height-default elementor-section-height-default elementor-section elementor-inner-section\" data-id=\"2ba54c46\" data-element_type=\"section\">\n<div class=\"elementor-container elementor-column-gap-default\">\n<div class=\"elementor-row\">\n<div class=\"elementor-element elementor-element-59e591dd elementor-column elementor-col-50 elementor-inner-column\" data-id=\"59e591dd\" data-element_type=\"column\">\n<div class=\"elementor-column-wrap elementor-element-populated\">\n<div class=\"elementor-widget-wrap\">\n<div class=\"elementor-element elementor-element-71bbc1f0 elementor-widget elementor-widget-text-editor\" data-id=\"71bbc1f0\" data-element_type=\"widget\" data-widget_type=\"text-editor.default\">\n<div class=\"elementor-widget-container\">\n<div class=\"elementor-text-editor elementor-clearfix\">\n<div class=\"flex-picto-elementdescrpr\">\n<div class=\"pictoelement\"><img decoding=\"async\" src=\"https:\/\/www.votre-exterieur.com\/img\/cms\/rester-a-la-maison.svg\" \/>Esth\u00e9tique<\/div>\n<div class=\"descrpelement\">\n<div class=\"descr-picto\">La taille de nos profils utilisez pour nos pergolas bioclimatique leur donne un rendu esth\u00e9tique sobre et moderne. Personnalisez la couleur de votre structure selon vos envies !<\/div>\n<\/div>\n<\/div>\n<\/div>\n<\/div>\n<\/div>\n<\/div>\n<\/div>\n<\/div>\n<div class=\"elementor-element elementor-element-20054065 elementor-column elementor-col-50 elementor-inner-column\" data-id=\"20054065\" data-element_type=\"column\">\n<div class=\"elementor-column-wrap elementor-element-populated\">\n<div class=\"elementor-widget-wrap\">\n<div class=\"elementor-element elementor-element-66b2db77 elementor-widget elementor-widget-text-editor\" data-id=\"66b2db77\" data-element_type=\"widget\" data-widget_type=\"text-editor.default\">\n<div class=\"elementor-widget-container\">\n<div class=\"elementor-text-editor elementor-clearfix\">\n<div class=\"flex-picto-elementdescrpr\">\n<div class=\"pictoelement\"><img decoding=\"async\" src=\"https:\/\/www.votre-exterieur.com\/img\/cms\/feuille.svg\" \/>Produit respectueux de l&rsquo;environnement<\/div>\n<div class=\"descrpelement\">\n<div class=\"descr-picto\">La structure des produits Votre Ext\u00e9rieur est enti\u00e8rement en aluminium. Ce mat\u00e9riau est recyclable et peut \u00eatre recycl\u00e9 \u00e0 plusieurs reprises sans perdre ses propri\u00e9t\u00e9s essentielles !<\/div>\n<\/div>\n<\/div>\n<\/div>\n<\/div>\n<\/div>\n<\/div>\n<\/div>\n<\/div>\n<\/div>\n<\/div>\n<\/section>\n<section class=\"elementor-element elementor-element-7b49b1b4 elementor-section-boxed elementor-section-height-default elementor-section-height-default elementor-section elementor-inner-section\" data-id=\"7b49b1b4\" data-element_type=\"section\">\n<div class=\"elementor-container elementor-column-gap-default\">\n<div class=\"elementor-row\">\n<div class=\"elementor-element elementor-element-73870ebf elementor-column elementor-col-50 elementor-inner-column\" data-id=\"73870ebf\" data-element_type=\"column\">\n<div class=\"elementor-column-wrap elementor-element-populated\">\n<div class=\"elementor-widget-wrap\">\n<div class=\"elementor-element elementor-element-41ee89a0 elementor-widget elementor-widget-text-editor\" data-id=\"41ee89a0\" data-element_type=\"widget\" data-widget_type=\"text-editor.default\">\n<div class=\"elementor-widget-container\">\n<div class=\"elementor-text-editor elementor-clearfix\">\n<div class=\"flex-picto-elementdescrpr\">\n<div class=\"pictoelement\"><img decoding=\"async\" src=\"https:\/\/www.votre-exterieur.com\/img\/cms\/chaine.svg\" \/>Durable<\/div>\n<div class=\"descrpelement\">\n<div class=\"descr-picto\">L&rsquo;ensemble de la structure et des lames des pergolas bioclimatiques Votre Ext\u00e9rieur sont en aluminium. Ce mat\u00e9riaux vous garantit une r\u00e9sistance \u00e0 la corrosion et aux rayures.<\/div>\n<\/div>\n<\/div>\n<\/div>\n<\/div>\n<\/div>\n<\/div>\n<\/div>\n<\/div>\n<div class=\"elementor-element elementor-element-210803bd elementor-column elementor-col-50 elementor-inner-column\" data-id=\"210803bd\" data-element_type=\"column\">\n<div class=\"elementor-column-wrap elementor-element-populated\">\n<div class=\"elementor-widget-wrap\">\n<div class=\"elementor-element elementor-element-25ab104f elementor-widget elementor-widget-text-editor\" data-id=\"25ab104f\" data-element_type=\"widget\" data-widget_type=\"text-editor.default\">\n<div class=\"elementor-widget-container\">\n<div class=\"elementor-text-editor elementor-clearfix\">\n<div class=\"flex-picto-elementdescrpr\">\n<div class=\"pictoelement\"><img decoding=\"async\" src=\"https:\/\/www.votre-exterieur.com\/img\/cms\/main-feuille.svg\" \/>Entretien facile<\/div>\n<div class=\"descrpelement\">\n<div class=\"descr-picto\">\n<div class=\"descr-picto\">L&rsquo;entretien des structures de nos pergolas bioclimatiques, peut \u00eatre effectu\u00e9 \u00e0 l\u2019eau claire avec une \u00e9ponge douce. Pour un meilleur r\u00e9sultat vous pouvez essuyer votre structure avec une micro-fibre.<\/div>\n<\/div>\n<\/div>\n<\/div>\n<\/div>\n<\/div>\n<\/div>\n<\/div>\n<\/div>\n<\/div>\n<\/div>\n<\/div>\n<\/section>\n<\/div>\n","protected":false},"excerpt":{"rendered":"<p><strong>La pergola bioclimatique \u00e0 lames orientables<\/strong><br \/>\nStructure design et innovante, la pergola bioclimatique OPEN est \u00e9quip\u00e9e de lames orientables jusqu\u2019\u00e0 160\u00b0 pour une ma\u00eetrise parfaite de l\u2019ensoleillement.<\/p>\n<p><strong>\u00a0<a href=\"https:\/\/vtbati.fr\/vtbati\/index.php\/caracteristiques\/\">Tout Savoir ICI.<\/a><\/strong><\/p>\n","protected":false},"featured_media":1818,"template":"","meta":[],"product_cat":[122,22],"product_tag":[84,500,83,520,517,518,519],"class_list":{"0":"post-1815","1":"product","2":"type-product","3":"status-publish","4":"has-post-thumbnail","6":"product_cat-connecteurs-et-bornes","7":"product_cat-menuiseries","8":"product_tag-alu","9":"product_tag-configurateur","10":"product_tag-menuiserie","11":"product_tag-pergola-bioclimatique-izi","12":"product_tag-pergola-bioclimatique-open","13":"product_tag-pergola-bioclimatique-openr","14":"product_tag-pergola-bioclimatique-openr2","16":"first","17":"instock","18":"taxable","19":"shipping-taxable","20":"purchasable","21":"product-type-simple"},"_links":{"self":[{"href":"http:\/\/s350233878.onlinehome.fr\/index.php\/wp-json\/wp\/v2\/product\/1815","targetHints":{"allow":["GET"]}}],"collection":[{"href":"http:\/\/s350233878.onlinehome.fr\/index.php\/wp-json\/wp\/v2\/product"}],"about":[{"href":"http:\/\/s350233878.onlinehome.fr\/index.php\/wp-json\/wp\/v2\/types\/product"}],"wp:featuredmedia":[{"embeddable":true,"href":"http:\/\/s350233878.onlinehome.fr\/index.php\/wp-json\/wp\/v2\/media\/1818"}],"wp:attachment":[{"href":"http:\/\/s350233878.onlinehome.fr\/index.php\/wp-json\/wp\/v2\/media?parent=1815"}],"wp:term":[{"taxonomy":"product_cat","embeddable":true,"href":"http:\/\/s350233878.onlinehome.fr\/index.php\/wp-json\/wp\/v2\/product_cat?post=1815"},{"taxonomy":"product_tag","embeddable":true,"href":"http:\/\/s350233878.onlinehome.fr\/index.php\/wp-json\/wp\/v2\/product_tag?post=1815"}],"curies":[{"name":"wp","href":"https:\/\/api.w.org\/{rel}","templated":true}]}}