{"id":1270,"date":"2023-07-06T14:28:44","date_gmt":"2023-07-06T12:28:44","guid":{"rendered":"https:\/\/vtbati.fr\/vtbati\/?post_type=product&#038;p=1270"},"modified":"2023-07-07T10:33:50","modified_gmt":"2023-07-07T08:33:50","slug":"fenetre-pvc-fixe","status":"publish","type":"product","link":"http:\/\/s350233878.onlinehome.fr\/index.php\/produit\/fenetre-pvc-fixe\/","title":{"rendered":"FEN\u00caTRE PVC FIXE"},"content":{"rendered":"<p>D\u00e9couvrez notre\u00a0<strong>Fen\u00eatre PVC Fixe<\/strong> fabriqu\u00e9e en France. La fen\u00eatre Fixe PVC est configurable dans notre <strong>gamme PVC Cosy et PVC Premium.<\/strong><\/p>\n<p><strong>Description<\/strong><\/p>\n<p>Le ch\u00e2ssis Fixe PVC est constitu\u00e9e d\u2019un\u00a0<strong>profil Veka s\u00e9rie Softline<\/strong>\u00a0pour la gamme cosy et d\u2019un\u00a0<strong>profil Veka s\u00e9rie Kietisline<\/strong>\u00a0pour la gamme premium. Les deux profils sont constitu\u00e9s de\u00a0<strong>dormants de 70mm \u00e0 5 chambres<\/strong>\u00a0pour la gamme cosy et pour la gamme premium.\u00a0<strong>La pose du ch\u00e2ssis fixe PVC<\/strong>\u00a0est possible en applique, en tunnel, en feuillure pour le\u00a0<strong>neuf et la r\u00e9novation.<\/strong><br \/>\nLe vitrage de la menuiserie, par d\u00e9faut, est un\u00a0<strong>double vitrage en 4\/20\/4 faiblement \u00e9missif Argon<\/strong>\u00a0avec un intercalaire noir dont le coefficient de transmission thermique (Ug) est de 1,1<\/p>\n<p><strong>Coefficient Uw des menuiseries selon le vitrage<\/strong><\/p>\n<ul>\n<li>Uw (W\/m2.K) = 1,4 (avec vitrage par d\u00e9faut 4\/20\/4)<\/li>\n<li>Uw (W\/m2.K) = 1,3 (avec vitrage thermique en option)<\/li>\n<li>Uw (W\/m2.K) = 0,9 (avec triple vitrage en option)<\/li>\n<\/ul>\n<p><strong>Gamme des Ch\u00e2ssis Fixe PVC<\/strong><\/p>\n<ul>\n<li><strong>Gamme COSY<\/strong>\n<ul>\n<li>6 coloris disponibles pour votre ch\u00e2ssis fixe PVC<\/li>\n<li>Dormant de 70 mm \u00e0 5 chambres<\/li>\n<li>Vitrage standard<\/li>\n<li>Excellent rapport qualit\u00e9 \/ prix<\/li>\n<\/ul>\n<\/li>\n<li><strong>Gamme PREMIUM<\/strong>\n<ul>\n<li>37 coloris disponibles pour votre ch\u00e2ssis fixe PVC<\/li>\n<li>Design soign\u00e9e aux formes adoucis<\/li>\n<li><span style=\"vertical-align: inherit;\"><span style=\"vertical-align: inherit;\">Dormant de 70 mm \u00e0 5 chambres<\/span><\/span><\/li>\n<li><span style=\"vertical-align: inherit;\"><span style=\"vertical-align: inherit;\">Vitrage standard<\/span><\/span><\/li>\n<\/ul>\n<\/li>\n<\/ul>\n<p><strong>Normes et Informations techniques<\/strong><\/p>\n<p><strong>La fen\u00eatre Fixe PVC est certifi\u00e9e NF<\/strong>\u00a0et est conforme \u00e0 la r\u00e9glementation thermique 2012<\/p>\n<ul>\n<li>Conforme\u00a0<strong>BBC, RT2012 et RE2020<\/strong><\/li>\n<li>Certification\u00a0<strong>NF &#8211; CSTB n\u00b04658A-45-116<\/strong><\/li>\n<li>Certification\u00a0<strong>ACOTHERM AC 1 \u00e0 3<\/strong><\/li>\n<li>Classement\u00a0<strong>AEV : A4*E7A*VA2<\/strong><\/li>\n<li><span style=\"vertical-align: inherit;\"><span style=\"vertical-align: inherit;\">Etiquette vitrail\u00a0 <\/span><\/span><strong><span style=\"vertical-align: inherit;\"><span style=\"vertical-align: inherit;\">CEKAL<\/span><\/span><\/strong><\/li>\n<li>Quincaillerie Ferco &#8211; GU<\/li>\n<li><strong>Garantie 10 ans<\/strong>\u00a0Fabricant<\/li>\n<li>Menuiserie fabriqu\u00e9e en France<\/li>\n<\/ul>\n<p><strong>Point important apr\u00e8s commande sur notre site<\/strong><br \/>\nUne fois votre commande r\u00e9gl\u00e9e par CB en ligne, par ch\u00e8que ou par virement, notre \u00e9quipe commerciale vous rappellera et v\u00e9rifiera avec vous les informations techniques, prise de c\u00f4tes, type de pose, options, etc. Cette proc\u00e9dure syst\u00e9matique permet de s\u00e9curiser et de corriger toutes erreurs avant la mise en production de votre commande.<\/p>\n<p><strong>Astuce<\/strong><br \/>\nVous pouvez \u00e9quiper votre fen\u00eatre fixe avec des\u00a0<strong>petits bois alu<\/strong>\u00a0verticaux int\u00e9gr\u00e9s dans le vitrage pour lui donner un style\u00a0<strong>verri\u00e8re atelier<\/strong>.<\/p>\n","protected":false},"excerpt":{"rendered":"<p>D\u00e9couvrez notre\u00a0<strong>Fen\u00eatre PVC Fixe<\/strong> fabriqu\u00e9e en France et disponible. La fen\u00eatre Fixe PVC est configurable dans notre <strong>gamme PVC Cosy et PVC Premium. <a href=\"https:\/\/vtbati.fr\/vtbati\/index.php\/caracteristiques\/\">Tout Savoir ICI.<\/a><\/strong><\/p>\n","protected":false},"featured_media":1250,"template":"","meta":[],"product_cat":[122,22],"product_tag":[36,489,486],"class_list":{"0":"post-1270","1":"product","2":"type-product","3":"status-publish","4":"has-post-thumbnail","6":"product_cat-connecteurs-et-bornes","7":"product_cat-menuiseries","8":"product_tag-fenetre","9":"product_tag-fixe","10":"product_tag-pvc","12":"first","13":"instock","14":"taxable","15":"shipping-taxable","16":"purchasable","17":"product-type-simple"},"_links":{"self":[{"href":"http:\/\/s350233878.onlinehome.fr\/index.php\/wp-json\/wp\/v2\/product\/1270","targetHints":{"allow":["GET"]}}],"collection":[{"href":"http:\/\/s350233878.onlinehome.fr\/index.php\/wp-json\/wp\/v2\/product"}],"about":[{"href":"http:\/\/s350233878.onlinehome.fr\/index.php\/wp-json\/wp\/v2\/types\/product"}],"wp:featuredmedia":[{"embeddable":true,"href":"http:\/\/s350233878.onlinehome.fr\/index.php\/wp-json\/wp\/v2\/media\/1250"}],"wp:attachment":[{"href":"http:\/\/s350233878.onlinehome.fr\/index.php\/wp-json\/wp\/v2\/media?parent=1270"}],"wp:term":[{"taxonomy":"product_cat","embeddable":true,"href":"http:\/\/s350233878.onlinehome.fr\/index.php\/wp-json\/wp\/v2\/product_cat?post=1270"},{"taxonomy":"product_tag","embeddable":true,"href":"http:\/\/s350233878.onlinehome.fr\/index.php\/wp-json\/wp\/v2\/product_tag?post=1270"}],"curies":[{"name":"wp","href":"https:\/\/api.w.org\/{rel}","templated":true}]}}