{"id":2070,"date":"2023-08-11T09:47:15","date_gmt":"2023-08-11T07:47:15","guid":{"rendered":"https:\/\/vtbati.fr\/vtbati\/?page_id=2070"},"modified":"2023-08-11T09:58:38","modified_gmt":"2023-08-11T07:58:38","slug":"pergola-bioclimatique-izi","status":"publish","type":"page","link":"http:\/\/s350233878.onlinehome.fr\/index.php\/pergola-bioclimatique-izi\/","title":{"rendered":"PERGOLA BIOCLIMATIQUE IZI"},"content":{"rendered":"\t\t<div data-elementor-type=\"wp-page\" data-elementor-id=\"2070\" class=\"elementor elementor-2070\" data-elementor-post-type=\"page\">\n\t\t\t\t\t\t<section class=\"elementor-section elementor-top-section elementor-element elementor-element-9cf362f elementor-section-stretched elementor-section-boxed elementor-section-height-default elementor-section-height-default\" data-id=\"9cf362f\" data-element_type=\"section\" data-e-type=\"section\" data-settings=\"{&quot;stretch_section&quot;:&quot;section-stretched&quot;}\">\n\t\t\t\t\t\t<div class=\"elementor-container elementor-column-gap-default\">\n\t\t\t\t\t<div class=\"elementor-column elementor-col-33 elementor-top-column elementor-element elementor-element-931ce41\" data-id=\"931ce41\" data-element_type=\"column\" data-e-type=\"column\">\n\t\t\t<div class=\"elementor-widget-wrap elementor-element-populated\">\n\t\t\t\t\t\t<div class=\"elementor-element elementor-element-87c6046 elementor-widget elementor-widget-image\" data-id=\"87c6046\" data-element_type=\"widget\" data-e-type=\"widget\" data-widget_type=\"image.default\">\n\t\t\t\t<div class=\"elementor-widget-container\">\n\t\t\t\t\t\t\t\t\t\t\t\t\t\t\t<img fetchpriority=\"high\" decoding=\"async\" width=\"897\" height=\"672\" src=\"http:\/\/s350233878.onlinehome.fr\/wp-content\/uploads\/2023\/07\/PERGOLA-BIOCLIMATIQUE-IZI2.png\" class=\"attachment-large size-large wp-image-1823\" alt=\"\" srcset=\"http:\/\/s350233878.onlinehome.fr\/wp-content\/uploads\/2023\/07\/PERGOLA-BIOCLIMATIQUE-IZI2.png 897w, http:\/\/s350233878.onlinehome.fr\/wp-content\/uploads\/2023\/07\/PERGOLA-BIOCLIMATIQUE-IZI2-300x225.png 300w, http:\/\/s350233878.onlinehome.fr\/wp-content\/uploads\/2023\/07\/PERGOLA-BIOCLIMATIQUE-IZI2-768x575.png 768w, http:\/\/s350233878.onlinehome.fr\/wp-content\/uploads\/2023\/07\/PERGOLA-BIOCLIMATIQUE-IZI2-600x449.png 600w\" sizes=\"(max-width: 897px) 100vw, 897px\" \/>\t\t\t\t\t\t\t\t\t\t\t\t\t\t\t<\/div>\n\t\t\t\t<\/div>\n\t\t\t\t<div class=\"elementor-element elementor-element-8a830d3 elementor-widget elementor-widget-image\" data-id=\"8a830d3\" data-element_type=\"widget\" data-e-type=\"widget\" data-widget_type=\"image.default\">\n\t\t\t\t<div class=\"elementor-widget-container\">\n\t\t\t\t\t\t\t\t\t\t\t\t\t\t\t<img decoding=\"async\" width=\"898\" height=\"672\" src=\"http:\/\/s350233878.onlinehome.fr\/wp-content\/uploads\/2023\/07\/PERGOLA-BIOCLIMATIQUE-IZI.png\" class=\"attachment-large size-large wp-image-1821\" alt=\"\" srcset=\"http:\/\/s350233878.onlinehome.fr\/wp-content\/uploads\/2023\/07\/PERGOLA-BIOCLIMATIQUE-IZI.png 898w, http:\/\/s350233878.onlinehome.fr\/wp-content\/uploads\/2023\/07\/PERGOLA-BIOCLIMATIQUE-IZI-300x224.png 300w, http:\/\/s350233878.onlinehome.fr\/wp-content\/uploads\/2023\/07\/PERGOLA-BIOCLIMATIQUE-IZI-768x575.png 768w, http:\/\/s350233878.onlinehome.fr\/wp-content\/uploads\/2023\/07\/PERGOLA-BIOCLIMATIQUE-IZI-600x449.png 600w\" sizes=\"(max-width: 898px) 100vw, 898px\" \/>\t\t\t\t\t\t\t\t\t\t\t\t\t\t\t<\/div>\n\t\t\t\t<\/div>\n\t\t\t\t<div class=\"elementor-element elementor-element-9818062 elementor-widget elementor-widget-image\" data-id=\"9818062\" data-element_type=\"widget\" data-e-type=\"widget\" data-widget_type=\"image.default\">\n\t\t\t\t<div class=\"elementor-widget-container\">\n\t\t\t\t\t\t\t\t\t\t\t\t\t\t\t<img fetchpriority=\"high\" decoding=\"async\" width=\"897\" height=\"672\" src=\"http:\/\/s350233878.onlinehome.fr\/wp-content\/uploads\/2023\/07\/PERGOLA-BIOCLIMATIQUE-IZI2.png\" class=\"attachment-large size-large wp-image-1823\" alt=\"\" srcset=\"http:\/\/s350233878.onlinehome.fr\/wp-content\/uploads\/2023\/07\/PERGOLA-BIOCLIMATIQUE-IZI2.png 897w, http:\/\/s350233878.onlinehome.fr\/wp-content\/uploads\/2023\/07\/PERGOLA-BIOCLIMATIQUE-IZI2-300x225.png 300w, http:\/\/s350233878.onlinehome.fr\/wp-content\/uploads\/2023\/07\/PERGOLA-BIOCLIMATIQUE-IZI2-768x575.png 768w, http:\/\/s350233878.onlinehome.fr\/wp-content\/uploads\/2023\/07\/PERGOLA-BIOCLIMATIQUE-IZI2-600x449.png 600w\" sizes=\"(max-width: 897px) 100vw, 897px\" \/>\t\t\t\t\t\t\t\t\t\t\t\t\t\t\t<\/div>\n\t\t\t\t<\/div>\n\t\t\t\t\t<\/div>\n\t\t<\/div>\n\t\t\t\t<div class=\"elementor-column elementor-col-66 elementor-top-column elementor-element elementor-element-7b7f1b0\" data-id=\"7b7f1b0\" data-element_type=\"column\" data-e-type=\"column\">\n\t\t\t<div class=\"elementor-widget-wrap elementor-element-populated\">\n\t\t\t\t\t\t<div class=\"elementor-element elementor-element-001d0c9 elementor-widget elementor-widget-heading\" data-id=\"001d0c9\" data-element_type=\"widget\" data-e-type=\"widget\" data-widget_type=\"heading.default\">\n\t\t\t\t<div class=\"elementor-widget-container\">\n\t\t\t\t\t<h2 class=\"elementor-heading-title elementor-size-default\">PERGOLA BIOCLIMATIQUE IZI<\/h2>\t\t\t\t<\/div>\n\t\t\t\t<\/div>\n\t\t\t\t<div class=\"elementor-element elementor-element-4ff752b elementor-widget elementor-widget-text-editor\" data-id=\"4ff752b\" data-element_type=\"widget\" data-e-type=\"widget\" data-widget_type=\"text-editor.default\">\n\t\t\t\t<div class=\"elementor-widget-container\">\n\t\t\t\t\t\t\t\t\t<p>Marquises pr\u00e9sente son nouveau mod\u00e8le design et innovant, la pergola IZI. Son architecture bioclimatique vous assure un confort d\u2019ambiance le plus naturel possible, \u00e9t\u00e9 comme hiver. Plus fine que sa grande soeur l\u2019Open, elle arbore un style a\u00e9rien et subtil.<\/p><p>La forme ondul\u00e9e de ses lames donne une impression de l\u00e9g\u00e8ret\u00e9 et garantit une ma\u00eetrise parfaite de l\u2019ensoleillement.<br \/>Dimensions maximum : L4000 x A5600 mm.<\/p><p>La pergola IZI ne permet pas d\u2019\u00eatre Hors d\u2019air hors d\u2019eau telle une v\u00e9randa.<br \/>Pour plus d\u2019informations, consultez notre fiche produit IZI<\/p><p>Son architecture bioclimatique vous assure un confort d\u2019ambiance le plus naturel possible, \u00e9t\u00e9 comme hiver. Elle arbore un style a\u00e9rien et subtil. La forme ondul\u00e9e de ses lames donne une impression de l\u00e9g\u00e8ret\u00e9 et garantit une ma\u00eetrise parfaite de l\u2019ensoleillement.<\/p><p>Dimensions maximum : A5,6 x L4 m<\/p><div class=\"heading heading--lined revealed\" data-reveal=\"heading\"><h4 class=\"heading__title\">\u00a0 \u00a0 \u00a0 \u00a0 \u00a0 \u00a0 \u00a0 \u00a0 \u00a0 \u00a0 \u00a0 \u00a0 \u00a0 \u00a0 \u00a0 \u00a0<\/h4><h4 class=\"heading__title\">\u00a0 \u00a0 \u00a0 \u00a0 \u00a0 \u00a0 \u00a0 \u00a0 \u00a0 \u00a0 \u00a0 \u00a0 \u00a0 \u00a0 \u00a0 \u00a0POINTS FORTS<\/h4><p>\u00a0<\/p><\/div><div class=\"argument__item revealed\" data-reveal=\"\"><div class=\"field field--name-field-argument-icon field--type-entity-reference field--label-hidden field__item tab__item\"><img decoding=\"async\" class=\"image image-style-thumbnail alignleft\" src=\"https:\/\/www.stores-marquises.fr\/sites\/default\/files\/styles\/thumbnail\/public\/2020-06\/icone-resistance-vent.png?itok=tuaUfrw9\" alt=\"R\u00e9sistance au vent\" width=\"49\" height=\"49\" \/><\/div><h4 class=\"argument__title\">Goutti\u00e8res int\u00e9gr\u00e9es<\/h4><div class=\"argument__description\"><p>\u00c9quip\u00e9 de profils goutti\u00e8res en aluminium extrud\u00e9 sur les poutres lat\u00e9rales pour<br \/>l\u2019\u00e9vacuation de l\u2019eau dans les poteaux<\/p><\/div><\/div><div class=\"argument__item revealed\" data-reveal=\"\"><div class=\"field field--name-field-argument-icon field--type-entity-reference field--label-hidden field__item tab__item\"><img loading=\"lazy\" decoding=\"async\" class=\"image image-style-thumbnail alignleft\" src=\"https:\/\/www.stores-marquises.fr\/sites\/default\/files\/styles\/thumbnail\/public\/2020-06\/icone-eclairage-eco-led.png?itok=iXPXf_Eq\" alt=\"Eclairage LED\" width=\"51\" height=\"51\" \/><\/div><h4 class=\"argument__title\">L\u2019\u00e9clairage par LED<\/h4><div class=\"argument__description\"><p>2 Rampes de LED avec variation de lumi\u00e8re sont int\u00e9gr\u00e9es en p\u00e9riph\u00e9rie<br \/>uniquement dans les poutres lat\u00e9rales en standard (sens de l\u2019avanc\u00e9e).<\/p><\/div><\/div><div class=\"argument__item revealed\" data-reveal=\"\"><div class=\"field field--name-field-argument-icon field--type-entity-reference field--label-hidden field__item tab__item\"><img loading=\"lazy\" decoding=\"async\" class=\"image image-style-thumbnail alignleft\" src=\"https:\/\/www.stores-marquises.fr\/sites\/default\/files\/styles\/thumbnail\/public\/2020-06\/icone-motorisation.png?itok=4EAe6gIZ\" alt=\"Motorisation\" width=\"52\" height=\"52\" \/><\/div><h4 class=\"argument__title\">Motoris\u00e9e<\/h4><div class=\"argument__description\"><p>Moteur Somfy radio io<\/p><p>\u00a0<\/p><\/div><\/div><div class=\"heading heading--lined revealed\" data-reveal=\"heading\"><h4 class=\"heading__title\">\u00a0 \u00a0 \u00a0 \u00a0 \u00a0 \u00a0 \u00a0 \u00a0 \u00a0 \u00a0 \u00a0 \u00a0 \u00a0 \u00a0 \u00a0 \u00a0D\u00c9TAILS<\/h4><\/div><div class=\"detail__items\"><div class=\"detail__item detail revealed\" data-reveal=\"\"><div class=\"detail__media\"><div class=\"detail__image\"><img loading=\"lazy\" decoding=\"async\" class=\"image image-style-large\" src=\"https:\/\/www.stores-marquises.fr\/sites\/default\/files\/styles\/large\/public\/2020-06\/pergola-izi-double.jpg?itok=ub-5ZqBD\" width=\"610\" height=\"305\" \/><\/div><\/div><div class=\"detail__description\"><h4>\u00a0<\/h4><h4 class=\"detail__title\">\u00a0 \u00a0 \u00a0 \u00a0 \u00a0 \u00a0 \u00a0 Caract\u00e9ristiques d&rsquo;un pergola IZI<\/h4><div class=\"detail__specs\"><ul><li>C&rsquo;est une protection solaire<\/li><li>La forme ondul\u00e9e de la lame permet un meilleur \u00e9coulement de l\u2019eau.<\/li><li>La pergola IZI ne permet pas d\u2019\u00eatre hors d\u2019air hors d\u2019eau telle une v\u00e9randa.<\/li><li>La man\u0153uvre des lames est d\u00e9conseill\u00e9e en p\u00e9riode de gel. \u203a Un ph\u00e9nom\u00e8ne naturel de condensation peut appara\u00eetre au niveau de la sous-face des lames en fonction des conditions climatiques et m\u00e9t\u00e9orologiques.<\/li><li>L\u2019\u00e9tanch\u00e9it\u00e9 entre le mur &amp; la pergola n\u2019est pas de la responsabilit\u00e9 de Marquises Stores.<\/li><li>La gamme de pergolas Marquises respectent les r\u00e8gles professionnelles des syst\u00e8mes Pergolas \u00e9labor\u00e9s par le SNFA \/ FFB Actibaie CSTB<\/li><\/ul><\/div><\/div><\/div><div class=\"detail__item detail revealed\" data-reveal=\"\"><div class=\"detail__media\"><div class=\"detail__image\"><img loading=\"lazy\" decoding=\"async\" class=\"image image-style-large\" src=\"https:\/\/www.stores-marquises.fr\/sites\/default\/files\/styles\/large\/public\/2020-06\/pergola-izi-3.jpeg?itok=GZyMrK6U\" width=\"610\" height=\"305\" \/><\/div><\/div><div class=\"detail__description\"><h3>\u00a0<\/h3><h4 class=\"detail__title\">\u00a0 \u00a0 \u00a0 \u00a0 \u00a0 \u00a0 \u00a0 \u00a0 \u00a0 \u00a0 \u00a0 \u00a0 \u00a0 \u00a0\u00c9quipements standards<\/h4><div class=\"detail__specs\"><p><strong>\u00c9clairage :<\/strong><\/p><ul><li>2 Rampes de LED avec variation de lumi\u00e8re sont int\u00e9gr\u00e9es en p\u00e9riph\u00e9rie uniquement dans les poutres lat\u00e9rales en standard (sens de l\u2019avanc\u00e9e).<\/li><\/ul><p><strong>Traverses lat\u00e9rales :<\/strong><\/p><ul><li>En aluminium extrud\u00e9 de 90x225mm.<\/li><\/ul><p><strong>Lames orientables :<\/strong><\/p><ul><li>En aluminium extrud\u00e9 thermolaqu\u00e9, de 205 x 66mm. La forme ondul\u00e9e de la lame assure une meilleur harmonie du toit en position ferm\u00e9e.<\/li><\/ul><p><strong>Profils goutti\u00e8res :<\/strong><\/p><ul><li>\u00c9quip\u00e9 de profils goutti\u00e8res en aluminium extrud\u00e9 sur les poutres lat\u00e9rales pour l\u2019\u00e9vacuation de l\u2019eau dans les poteaux.<\/li><\/ul><\/div><\/div><\/div><div class=\"detail__item detail revealed\" data-reveal=\"\"><div class=\"detail__media\"><div class=\"detail__image\"><img loading=\"lazy\" decoding=\"async\" class=\"image image-style-large\" src=\"https:\/\/www.stores-marquises.fr\/sites\/default\/files\/styles\/large\/public\/2020-06\/pergola-izi-4.jpeg?itok=-D46rjGg\" width=\"610\" height=\"305\" \/><\/div><\/div><div class=\"detail__description\"><h4 class=\"detail__title\">\u00a0 \u00a0 \u00a0 \u00a0 \u00a0 \u00a0<\/h4><h4 class=\"detail__title\">\u00a0 \u00a0 \u00a0 \u00a0 \u00a0 \u00a0 \u00a0 \u00a0 \u00a0 \u00a0 \u00a0 \u00c9quipements optionnels<\/h4><div class=\"detail__specs\"><p><strong>\u00c9clairage :<\/strong><\/p><ul><li>2 Rampes de LED suppl\u00e9mentaires sont int\u00e9gr\u00e9es en p\u00e9riph\u00e9rie dans les poutres frontales. Variation de lumi\u00e8re sur la totalit\u00e9 de l\u2019\u00e9clairage de la pergola .<\/li><\/ul><p><strong>Chauffage :<\/strong><\/p><ul><li>Chauffage radio ON-OFF.<\/li><\/ul><p><strong>Laquage :\u00a0<\/strong><\/p><ul><li>Autres coloris RAL et textures disponibles.<\/li><\/ul><p><strong>Stores Verticaux :<\/strong><\/p><ul><li>Possibilit\u00e9 d\u2019ajouter des stores verticaux rapport\u00e9s sur la pergola.<\/li><\/ul><p><strong>Chauffage :<\/strong><\/p><p>Chauffage radio ON-OFF<\/p><p><strong>Stores Verticaux :<\/strong><\/p><p>Possibilit\u00e9 d\u2019ajouter des stores verticaux rapport\u00e9s sur la pergola.<\/p><p><strong>Eclairage :<\/strong><\/p><p>Rampes de LED suppl\u00e9mentaires sont int\u00e9gr\u00e9es en p\u00e9riph\u00e9rie dans les poutres frontales. Variation de lumi\u00e8re sur la totalit\u00e9 de l\u2019\u00e9clairage de la pergola .<\/p><div class=\"heading heading--lined revealed\" data-reveal=\"heading\"><h4>\u00a0<\/h4><h4 class=\"heading__title\">\u00a0 \u00a0 \u00a0 \u00a0 \u00a0 \u00a0 \u00a0 \u00a0 \u00a0 \u00a0 \u00a0 \u00a0 \u00a0 \u00a0 \u00a0 MOD\u00c8LES \/ R\u00c9F\u00c9RENCES<\/h4><\/div><div class=\"references\"><table class=\"table\"><tbody><tr class=\"table__row\"><td class=\"table__cell\">\u00a0<\/td><td class=\"table__cell\"><div class=\"field field--name-field-product-ref field--type-string field--label-hidden field__item\"><span style=\"text-decoration: underline;\"><strong>TYPE DE POSE LIBRE<\/strong><\/span><\/div><\/td><td class=\"table__cell\"><div class=\"field field--name-field-product-ref field--type-string field--label-hidden field__item\"><span style=\"text-decoration: underline;\"><strong>TYPE DE POSE MURALE LAT\u00c9RALE<\/strong><\/span><\/div><\/td><td class=\"table__cell\"><div class=\"field field--name-field-product-ref field--type-string field--label-hidden field__item\"><span style=\"text-decoration: underline;\"><strong>TYPE DE POSE MURALE FRONTALE<\/strong><\/span><\/div><\/td><\/tr><tr class=\"table__row\"><td class=\"table__cell\"><strong>Coloris standard(s) armature(s) disponible(s)<\/strong><\/td><td class=\"table__cell\"><div class=\"field field--name-field-carac-armature-color-dispo field--type-entity-reference field--label-hidden field__items\"><div class=\"field__item tab__item\"><div id=\"taxonomy-term-87\" class=\"taxonomy-term vocabulary-couleur\"><div class=\"color__name\"><div class=\"field field--name-name field--type-string field--label-hidden field__item\">FS 7016 Gris Anthracite<\/div><\/div><div class=\"color__preview\"><div class=\"field field--name-field-color-code field--type-color-field-type field--label-hidden field__item\"><div class=\"color_field__swatch color_field__swatch--square\">\u00a0<\/div><\/div><\/div><\/div><\/div><div class=\"field__item tab__item\"><div id=\"taxonomy-term-85\" class=\"taxonomy-term vocabulary-couleur\"><div class=\"color__name\"><div class=\"field field--name-name field--type-string field--label-hidden field__item\">RAL 9016 Blanc<\/div><\/div><div class=\"color__preview\"><div class=\"field field--name-field-color-code field--type-color-field-type field--label-hidden field__item\"><div class=\"color_field__swatch color_field__swatch--square\">\u00a0<\/div><\/div><\/div><\/div><\/div><\/div><\/td><td class=\"table__cell\"><div class=\"field field--name-field-carac-armature-color-dispo field--type-entity-reference field--label-hidden field__items\"><div class=\"field__item tab__item\"><div id=\"taxonomy-term-87\" class=\"taxonomy-term vocabulary-couleur\"><div class=\"color__name\"><div class=\"field field--name-name field--type-string field--label-hidden field__item\">FS 7016 Gris Anthracite<\/div><\/div><div class=\"color__preview\"><div class=\"field field--name-field-color-code field--type-color-field-type field--label-hidden field__item\"><div class=\"color_field__swatch color_field__swatch--square\">\u00a0<\/div><\/div><\/div><\/div><\/div><div class=\"field__item tab__item\"><div id=\"taxonomy-term-85\" class=\"taxonomy-term vocabulary-couleur\"><div class=\"color__name\"><div class=\"field field--name-name field--type-string field--label-hidden field__item\">RAL 9016 Blanc<\/div><\/div><div class=\"color__preview\"><div class=\"field field--name-field-color-code field--type-color-field-type field--label-hidden field__item\"><div class=\"color_field__swatch color_field__swatch--square\">\u00a0<\/div><\/div><\/div><\/div><\/div><\/div><\/td><td class=\"table__cell\"><div class=\"field field--name-field-carac-armature-color-dispo field--type-entity-reference field--label-hidden field__items\"><div class=\"field__item tab__item\"><div id=\"taxonomy-term-87\" class=\"taxonomy-term vocabulary-couleur\"><div class=\"color__name\"><div class=\"field field--name-name field--type-string field--label-hidden field__item\">FS 7016 Gris Anthracite<\/div><\/div><div class=\"color__preview\"><div class=\"field field--name-field-color-code field--type-color-field-type field--label-hidden field__item\"><div class=\"color_field__swatch color_field__swatch--square\">\u00a0<\/div><\/div><\/div><\/div><\/div><div class=\"field__item tab__item\"><div id=\"taxonomy-term-85\" class=\"taxonomy-term vocabulary-couleur\"><div class=\"color__name\"><div class=\"field field--name-name field--type-string field--label-hidden field__item\">RAL 9016 Blanc<\/div><\/div><div class=\"color__preview\"><div class=\"field field--name-field-color-code field--type-color-field-type field--label-hidden field__item\"><div class=\"color_field__swatch color_field__swatch--square\">\u00a0<\/div><\/div><\/div><\/div><\/div><\/div><\/td><\/tr><tr class=\"table__row\"><td class=\"table__cell\"><strong>Coloris standard(s) lame(s) disponible(s)<\/strong><\/td><td class=\"table__cell\"><div class=\"field field--name-field-carac-lames-color-dispo field--type-entity-reference field--label-hidden field__items\"><div class=\"field__item tab__item\"><div id=\"taxonomy-term-110\" class=\"taxonomy-term vocabulary-couleur\"><div class=\"color__name\"><div class=\"field field--name-name field--type-string field--label-hidden field__item\">RAL 9007 Gris<\/div><\/div><div class=\"color__preview\"><div class=\"field field--name-field-color-code field--type-color-field-type field--label-hidden field__item\"><div class=\"color_field__swatch color_field__swatch--square\">\u00a0<\/div><\/div><\/div><\/div><\/div><div class=\"field__item tab__item\"><div id=\"taxonomy-term-85\" class=\"taxonomy-term vocabulary-couleur\"><div class=\"color__name\"><div class=\"field field--name-name field--type-string field--label-hidden field__item\">RAL 9016 Blanc<\/div><\/div><div class=\"color__preview\"><div class=\"field field--name-field-color-code field--type-color-field-type field--label-hidden field__item\"><div class=\"color_field__swatch color_field__swatch--square\">\u00a0<\/div><\/div><\/div><\/div><\/div><\/div><\/td><td class=\"table__cell\"><div class=\"field field--name-field-carac-lames-color-dispo field--type-entity-reference field--label-hidden field__items\"><div class=\"field__item tab__item\"><div id=\"taxonomy-term-110\" class=\"taxonomy-term vocabulary-couleur\"><div class=\"color__name\"><div class=\"field field--name-name field--type-string field--label-hidden field__item\">RAL 9007 Gris<\/div><\/div><div class=\"color__preview\"><div class=\"field field--name-field-color-code field--type-color-field-type field--label-hidden field__item\"><div class=\"color_field__swatch color_field__swatch--square\">\u00a0<\/div><\/div><\/div><\/div><\/div><div class=\"field__item tab__item\"><div id=\"taxonomy-term-85\" class=\"taxonomy-term vocabulary-couleur\"><div class=\"color__name\"><div class=\"field field--name-name field--type-string field--label-hidden field__item\">RAL 9016 Blanc<\/div><\/div><div class=\"color__preview\"><div class=\"field field--name-field-color-code field--type-color-field-type field--label-hidden field__item\"><div class=\"color_field__swatch color_field__swatch--square\">\u00a0<\/div><\/div><\/div><\/div><\/div><\/div><\/td><td class=\"table__cell\"><div class=\"field field--name-field-carac-lames-color-dispo field--type-entity-reference field--label-hidden field__items\"><div class=\"field__item tab__item\"><div id=\"taxonomy-term-110\" class=\"taxonomy-term vocabulary-couleur\"><div class=\"color__name\"><div class=\"field field--name-name field--type-string field--label-hidden field__item\">RAL 9007 Gris<\/div><\/div><div class=\"color__preview\"><div class=\"field field--name-field-color-code field--type-color-field-type field--label-hidden field__item\"><div class=\"color_field__swatch color_field__swatch--square\">\u00a0<\/div><\/div><\/div><\/div><\/div><div class=\"field__item tab__item\"><div id=\"taxonomy-term-85\" class=\"taxonomy-term vocabulary-couleur\"><div class=\"color__name\"><div class=\"field field--name-name field--type-string field--label-hidden field__item\">RAL 9016 Blanc<\/div><\/div><div class=\"color__preview\"><div class=\"field field--name-field-color-code field--type-color-field-type field--label-hidden field__item\"><div class=\"color_field__swatch color_field__swatch--square\">\u00a0<\/div><\/div><\/div><\/div><\/div><\/div><\/td><\/tr><tr class=\"table__row\"><td class=\"table__cell\"><strong>Avanc\u00e9e maximale<\/strong><\/td><td class=\"table__cell\"><div class=\"field field--name-field-carac-dim-av-max field--type-string field--label-hidden field__item\">5600<\/div><\/td><td class=\"table__cell\"><div class=\"field field--name-field-carac-dim-av-max field--type-string field--label-hidden field__item\">5600<\/div><\/td><td class=\"table__cell\"><div class=\"field field--name-field-carac-dim-av-max field--type-string field--label-hidden field__item\">5600<\/div><\/td><\/tr><tr class=\"table__row\"><td class=\"table__cell\"><strong>Hauteur<\/strong><\/td><td class=\"table__cell\"><div class=\"clearfix text-formatted field field--name-field-carac-dim-hauteur-infos field--type-text-long field--label-hidden field__item\"><p><strong>Poteaux<\/strong><\/p><ul><li>En aluminium extrud\u00e9 de 160x90mm, pour une hauteur standard de 2600mm.<\/li><li>Hauteur maxi = 3000mm (+)<\/li><li>Fixation au sol<\/li><\/ul><\/div><\/td><td class=\"table__cell\"><div class=\"clearfix text-formatted field field--name-field-carac-dim-hauteur-infos field--type-text-long field--label-hidden field__item\"><p><strong>Poteaux<\/strong><\/p><ul><li>En aluminium extrud\u00e9 de 160x90mm, pour une hauteur standard de 2600mm.<\/li><li>Hauteur maxi = 3000mm (+)<\/li><li>Fixation au sol<\/li><\/ul><\/div><\/td><td class=\"table__cell\"><div class=\"clearfix text-formatted field field--name-field-carac-dim-hauteur-infos field--type-text-long field--label-hidden field__item\"><p><strong>Poteaux<\/strong><\/p><ul><li>En aluminium extrud\u00e9 de 160x90mm, pour une hauteur standard de 2600mm.<\/li><li>Hauteur maxi = 3000mm (+)<\/li><li>Fixation au sol<\/li><\/ul><\/div><\/td><\/tr><tr class=\"table__row\"><td class=\"table__cell\"><strong>Informations additionnelles sur les dimensions<\/strong><\/td><td class=\"table__cell\"><div class=\"clearfix text-formatted field field--name-field-carac-dim-infos field--type-text-long field--label-hidden field__item\"><p>Configuration possible en 2 modules<\/p><\/div><\/td><td class=\"table__cell\">\u00a0<\/td><td class=\"table__cell\"><div class=\"clearfix text-formatted field field--name-field-carac-dim-infos field--type-text-long field--label-hidden field__item\"><p>Configuration possible en 2 modules<\/p><\/div><\/td><\/tr><tr class=\"table__row\"><td class=\"table__cell\"><strong>Largeur maximale<\/strong><\/td><td class=\"table__cell\"><div class=\"field field--name-field-carac-dim-larg-max field--type-string field--label-hidden field__item\">4000<\/div><\/td><td class=\"table__cell\"><div class=\"field field--name-field-carac-dim-larg-max field--type-string field--label-hidden field__item\">4000<\/div><\/td><td class=\"table__cell\"><div class=\"field field--name-field-carac-dim-larg-max field--type-string field--label-hidden field__item\">4000<\/div><\/td><\/tr><tr class=\"table__row\"><td class=\"table__cell\"><strong>Type(s) d&rsquo;\u00e9clairage LED disponible(s)<\/strong><\/td><td class=\"table__cell\"><div class=\"field field--name-field-carac-eclairage-dispo field--type-entity-reference field--label-hidden field__items\"><div class=\"field__item tab__item\">2 rampes en p\u00e9riph\u00e9rie<\/div><\/div><\/td><td class=\"table__cell\"><div class=\"field field--name-field-carac-eclairage-dispo field--type-entity-reference field--label-hidden field__items\"><div class=\"field__item tab__item\">2 rampes en p\u00e9riph\u00e9rie<\/div><\/div><\/td><td class=\"table__cell\">\u00a0<\/td><\/tr><tr class=\"table__row\"><td class=\"table__cell\"><strong>Manoeuvre(s) disponible(s)<\/strong><\/td><td class=\"table__cell\"><div class=\"field field--name-field-carac-manoeuvre-dispo field--type-entity-reference field--label-hidden field__items\"><div class=\"field__item tab__item\">Moteur<\/div><div class=\"field__item tab__item\">Treuil<\/div><\/div><\/td><td class=\"table__cell\"><div class=\"field field--name-field-carac-manoeuvre-dispo field--type-entity-reference field--label-hidden field__items\"><div class=\"field__item tab__item\">Moteur<\/div><div class=\"field__item tab__item\">Treuil<\/div><\/div><\/td><td class=\"table__cell\"><div class=\"field field--name-field-carac-manoeuvre-dispo field--type-entity-reference field--label-hidden field__items\"><div class=\"field__item tab__item\">Moteur<\/div><div class=\"field__item tab__item\">Treuil<\/div><\/div><\/td><\/tr><tr class=\"table__row\"><td class=\"table__cell\"><strong>Informations additionnelles sur les manoeuvres<\/strong><\/td><td class=\"table__cell\"><div class=\"clearfix text-formatted field field--name-field-carac-manoeuvre-infos field--type-text-long field--label-hidden field__item\"><p><strong>Commande motoris\u00e9e : (standard)<\/strong><\/p><ul><li>Moteur Somfy radio io<\/li><\/ul><p><strong>Commande manuelle :<\/strong><\/p><ul><li>Manoeuvre manuelle par treuil. (-) (limites dimensionnelles voir grilles tarifs)<\/li><\/ul><\/div><\/td><td class=\"table__cell\"><div class=\"clearfix text-formatted field field--name-field-carac-manoeuvre-infos field--type-text-long field--label-hidden field__item\"><p><strong>Commande motoris\u00e9e : (standard)<\/strong><\/p><ul><li>Moteur Somfy radio io<\/li><\/ul><p><strong>Commande manuelle :<\/strong><\/p><ul><li>Manoeuvre manuelle par treuil. (-) (limites dimensionnelles voir grilles tarifs)<\/li><\/ul><\/div><\/td><td class=\"table__cell\"><div class=\"clearfix text-formatted field field--name-field-carac-manoeuvre-infos field--type-text-long field--label-hidden field__item\"><p><strong>Commande motoris\u00e9e : (standard)<\/strong><\/p><ul><li>Moteur Somfy radio io<\/li><\/ul><p><strong>Commande manuelle :<\/strong><\/p><ul><li>Manoeuvre manuelle par treuil. (-) (limites dimensionnelles voir grilles tarifs)<\/li><\/ul><\/div><\/td><\/tr><tr class=\"table__row\"><td class=\"table__cell\"><strong>Nombre de modules<\/strong><\/td><td class=\"table__cell\"><div class=\"field field--name-field-carac-nb-modules field--type-integer field--label-hidden field__item\">1<\/div><\/td><td class=\"table__cell\"><div class=\"field field--name-field-carac-nb-modules field--type-integer field--label-hidden field__item\">1<\/div><\/td><td class=\"table__cell\"><div class=\"field field--name-field-carac-nb-modules field--type-integer field--label-hidden field__item\">1<\/div><\/td><\/tr><tr class=\"table__row\"><td class=\"table__cell\"><strong>Informations sur la garantie<\/strong><\/td><td class=\"table__cell\"><div class=\"field field--name-field-product-ref-guarantee field--type-string field--label-hidden field__item\">Garantie 5 ans : armature Eclairage Par Led Garantie 5 ans &#8211; sauf LED RGB garantie 2 ans<\/div><\/td><td class=\"table__cell\"><div class=\"field field--name-field-product-ref-guarantee field--type-string field--label-hidden field__item\">Garantie 5 ans : armature Eclairage Par Led Garantie 5 ans &#8211; sauf LED RGB garantie 2 ans<\/div><\/td><td class=\"table__cell\"><div class=\"field field--name-field-product-ref-guarantee field--type-string field--label-hidden field__item\">Garantie 5 ans : armature Eclairage Par Led Garantie 5 ans &#8211; sauf LED RGB garantie 2 ans<\/div><\/td><\/tr><tr class=\"table__row\"><td class=\"table__cell\">\u00a0<\/td><td class=\"table__cell\"><button class=\"btn btn-icon-alone btn-icon-alone--white\"><\/button>\u00a0<\/td><td class=\"table__cell\"><button class=\"btn btn-icon-alone btn-icon-alone--white\"><\/button>\u00a0<\/td><td class=\"table__cell\"><button class=\"btn btn-icon-alone btn-icon-alone--white\"><\/button>\u00a0<\/td><\/tr><\/tbody><\/table><\/div><\/div><\/div><\/div><\/div>\t\t\t\t\t\t\t\t<\/div>\n\t\t\t\t<\/div>\n\t\t\t\t\t<\/div>\n\t\t<\/div>\n\t\t\t\t\t<\/div>\n\t\t<\/section>\n\t\t\t\t<\/div>\n\t\t","protected":false},"excerpt":{"rendered":"<p>PERGOLA BIOCLIMATIQUE IZI Marquises pr\u00e9sente son nouveau mod\u00e8le design et innovant, la pergola IZI. Son architecture bioclimatique vous assure un confort d\u2019ambiance le plus naturel possible, \u00e9t\u00e9 comme hiver. Plus&hellip;<\/p>\n","protected":false},"author":1,"featured_media":0,"parent":0,"menu_order":0,"comment_status":"closed","ping_status":"closed","template":"","meta":{"footnotes":""},"class_list":["post-2070","page","type-page","status-publish","hentry"],"_links":{"self":[{"href":"http:\/\/s350233878.onlinehome.fr\/index.php\/wp-json\/wp\/v2\/pages\/2070","targetHints":{"allow":["GET"]}}],"collection":[{"href":"http:\/\/s350233878.onlinehome.fr\/index.php\/wp-json\/wp\/v2\/pages"}],"about":[{"href":"http:\/\/s350233878.onlinehome.fr\/index.php\/wp-json\/wp\/v2\/types\/page"}],"author":[{"embeddable":true,"href":"http:\/\/s350233878.onlinehome.fr\/index.php\/wp-json\/wp\/v2\/users\/1"}],"replies":[{"embeddable":true,"href":"http:\/\/s350233878.onlinehome.fr\/index.php\/wp-json\/wp\/v2\/comments?post=2070"}],"version-history":[{"count":3,"href":"http:\/\/s350233878.onlinehome.fr\/index.php\/wp-json\/wp\/v2\/pages\/2070\/revisions"}],"predecessor-version":[{"id":2076,"href":"http:\/\/s350233878.onlinehome.fr\/index.php\/wp-json\/wp\/v2\/pages\/2070\/revisions\/2076"}],"wp:attachment":[{"href":"http:\/\/s350233878.onlinehome.fr\/index.php\/wp-json\/wp\/v2\/media?parent=2070"}],"curies":[{"name":"wp","href":"https:\/\/api.w.org\/{rel}","templated":true}]}}