{"id":1412,"date":"2023-07-10T15:08:48","date_gmt":"2023-07-10T13:08:48","guid":{"rendered":"https:\/\/vtbati.fr\/vtbati\/?page_id=1412"},"modified":"2023-10-26T15:57:20","modified_gmt":"2023-10-26T13:57:20","slug":"portes-fenetres","status":"publish","type":"page","link":"http:\/\/s350233878.onlinehome.fr\/index.php\/portes-fenetres\/","title":{"rendered":"PORTES FEN\u00caTRES"},"content":{"rendered":"\t\t<div data-elementor-type=\"wp-page\" data-elementor-id=\"1412\" class=\"elementor elementor-1412\" data-elementor-post-type=\"page\">\n\t\t\t\t\t\t<section class=\"elementor-section elementor-top-section elementor-element elementor-element-93efd39 elementor-section-stretched elementor-section-boxed elementor-section-height-default elementor-section-height-default\" data-id=\"93efd39\" data-element_type=\"section\" data-e-type=\"section\" data-settings=\"{&quot;stretch_section&quot;:&quot;section-stretched&quot;}\">\n\t\t\t\t\t\t<div class=\"elementor-container elementor-column-gap-default\">\n\t\t\t\t\t<div class=\"elementor-column elementor-col-100 elementor-top-column elementor-element elementor-element-ef4ed32\" data-id=\"ef4ed32\" data-element_type=\"column\" data-e-type=\"column\">\n\t\t\t<div class=\"elementor-widget-wrap elementor-element-populated\">\n\t\t\t\t\t\t<div class=\"elementor-element elementor-element-8f4bb3e elementor-cta--skin-classic elementor-animated-content elementor-bg-transform elementor-bg-transform-zoom-in elementor-widget elementor-widget-call-to-action\" data-id=\"8f4bb3e\" data-element_type=\"widget\" data-e-type=\"widget\" data-widget_type=\"call-to-action.default\">\n\t\t\t\t<div class=\"elementor-widget-container\">\n\t\t\t\t\t\t\t<div class=\"elementor-cta\">\n\t\t\t\t\t<div class=\"elementor-cta__bg-wrapper\">\n\t\t\t\t<div class=\"elementor-cta__bg elementor-bg\" style=\"background-image: url(http:\/\/s350233878.onlinehome.fr\/wp-content\/uploads\/2023\/07\/coulissant-bois-2-vantaux.jpg);\" role=\"img\" aria-label=\"coulissant-bois-2-vantaux\"><\/div>\n\t\t\t\t<div class=\"elementor-cta__bg-overlay\"><\/div>\n\t\t\t<\/div>\n\t\t\t\t\t\t\t<div class=\"elementor-cta__content\">\n\t\t\t\t\n\t\t\t\t\t\t\t\t\t<h2 class=\"elementor-cta__title elementor-cta__content-item elementor-content-item\">\n\t\t\t\t\t\tPorte-Fen\u00eatre PVC \/ BOIS \/ ALU\t\t\t\t\t<\/h2>\n\t\t\t\t\n\t\t\t\t\t\t\t\t\t<div class=\"elementor-cta__description elementor-cta__content-item elementor-content-item\">\n\t\t\t\t\t\tFaites votre choix :\t\t\t\t\t<\/div>\n\t\t\t\t\n\t\t\t\t\t\t\t\t\t<div class=\"elementor-cta__button-wrapper elementor-cta__content-item elementor-content-item \">\n\t\t\t\t\t<a class=\"elementor-cta__button elementor-button elementor-size-sm\" href=\"https:\/\/vtbati.fr\/vtbati\/\">\n\t\t\t\t\t\tRetour \u00e0 l'acceuil\t\t\t\t\t<\/a>\n\t\t\t\t\t<\/div>\n\t\t\t\t\t\t\t<\/div>\n\t\t\t\t\t\t<\/div>\n\t\t\t\t\t\t<\/div>\n\t\t\t\t<\/div>\n\t\t\t\t\t<\/div>\n\t\t<\/div>\n\t\t\t\t\t<\/div>\n\t\t<\/section>\n\t\t\t\t<section class=\"elementor-section elementor-top-section elementor-element elementor-element-aedcb05 elementor-section-stretched elementor-section-boxed elementor-section-height-default elementor-section-height-default\" data-id=\"aedcb05\" data-element_type=\"section\" data-e-type=\"section\" data-settings=\"{&quot;stretch_section&quot;:&quot;section-stretched&quot;}\">\n\t\t\t\t\t\t<div class=\"elementor-container elementor-column-gap-default\">\n\t\t\t\t\t<div class=\"elementor-column elementor-col-33 elementor-top-column elementor-element elementor-element-c41f4e4\" data-id=\"c41f4e4\" data-element_type=\"column\" data-e-type=\"column\">\n\t\t\t<div class=\"elementor-widget-wrap elementor-element-populated\">\n\t\t\t\t\t\t<div class=\"elementor-element elementor-element-13bf84f elementor-widget elementor-widget-heading\" data-id=\"13bf84f\" data-element_type=\"widget\" data-e-type=\"widget\" data-widget_type=\"heading.default\">\n\t\t\t\t<div class=\"elementor-widget-container\">\n\t\t\t\t\t<h2 class=\"elementor-heading-title elementor-size-default\">PVC<\/h2>\t\t\t\t<\/div>\n\t\t\t\t<\/div>\n\t\t\t\t<div class=\"elementor-element elementor-element-2d0ccdf elementor-widget elementor-widget-image\" data-id=\"2d0ccdf\" data-element_type=\"widget\" data-e-type=\"widget\" data-widget_type=\"image.default\">\n\t\t\t\t<div class=\"elementor-widget-container\">\n\t\t\t\t\t\t\t\t\t\t\t\t\t\t\t<img fetchpriority=\"high\" decoding=\"async\" width=\"1024\" height=\"945\" src=\"http:\/\/s350233878.onlinehome.fr\/wp-content\/uploads\/2023\/07\/2-1024x945.png\" class=\"attachment-large size-large wp-image-1438\" alt=\"\" srcset=\"http:\/\/s350233878.onlinehome.fr\/wp-content\/uploads\/2023\/07\/2-1024x945.png 1024w, http:\/\/s350233878.onlinehome.fr\/wp-content\/uploads\/2023\/07\/2-300x277.png 300w, http:\/\/s350233878.onlinehome.fr\/wp-content\/uploads\/2023\/07\/2-768x709.png 768w, http:\/\/s350233878.onlinehome.fr\/wp-content\/uploads\/2023\/07\/2-1536x1418.png 1536w, http:\/\/s350233878.onlinehome.fr\/wp-content\/uploads\/2023\/07\/2-1320x1219.png 1320w, http:\/\/s350233878.onlinehome.fr\/wp-content\/uploads\/2023\/07\/2-600x554.png 600w\" sizes=\"(max-width: 1024px) 100vw, 1024px\" \/>\t\t\t\t\t\t\t\t\t\t\t\t\t\t\t<\/div>\n\t\t\t\t<\/div>\n\t\t\t\t<div class=\"elementor-element elementor-element-f725b99 elementor-align-center elementor-widget elementor-widget-button\" data-id=\"f725b99\" data-element_type=\"widget\" data-e-type=\"widget\" data-widget_type=\"button.default\">\n\t\t\t\t<div class=\"elementor-widget-container\">\n\t\t\t\t\t\t\t\t\t<div class=\"elementor-button-wrapper\">\n\t\t\t\t\t<a class=\"elementor-button elementor-button-link elementor-size-sm\" href=\"https:\/\/vtbati.fr\/vtbati\/index.php\/produit\/fenetre-pvc\/\">\n\t\t\t\t\t\t<span class=\"elementor-button-content-wrapper\">\n\t\t\t\t\t\t\t\t\t<span class=\"elementor-button-text\">En savoir plus <\/span>\n\t\t\t\t\t<\/span>\n\t\t\t\t\t<\/a>\n\t\t\t\t<\/div>\n\t\t\t\t\t\t\t\t<\/div>\n\t\t\t\t<\/div>\n\t\t\t\t\t<\/div>\n\t\t<\/div>\n\t\t\t\t<div class=\"elementor-column elementor-col-33 elementor-top-column elementor-element elementor-element-a902fee\" data-id=\"a902fee\" data-element_type=\"column\" data-e-type=\"column\">\n\t\t\t<div class=\"elementor-widget-wrap elementor-element-populated\">\n\t\t\t\t\t\t<div class=\"elementor-element elementor-element-30552cd elementor-widget elementor-widget-heading\" data-id=\"30552cd\" data-element_type=\"widget\" data-e-type=\"widget\" data-widget_type=\"heading.default\">\n\t\t\t\t<div class=\"elementor-widget-container\">\n\t\t\t\t\t<h2 class=\"elementor-heading-title elementor-size-default\">BOIS<\/h2>\t\t\t\t<\/div>\n\t\t\t\t<\/div>\n\t\t\t\t<div class=\"elementor-element elementor-element-2b83bf6 elementor-widget elementor-widget-image\" data-id=\"2b83bf6\" data-element_type=\"widget\" data-e-type=\"widget\" data-widget_type=\"image.default\">\n\t\t\t\t<div class=\"elementor-widget-container\">\n\t\t\t\t\t\t\t\t\t\t\t\t\t\t\t<img decoding=\"async\" width=\"1024\" height=\"945\" src=\"http:\/\/s350233878.onlinehome.fr\/wp-content\/uploads\/2023\/07\/porte-fenetre-1-1024x945.png\" class=\"attachment-large size-large wp-image-1511\" alt=\"\" srcset=\"http:\/\/s350233878.onlinehome.fr\/wp-content\/uploads\/2023\/07\/porte-fenetre-1-1024x945.png 1024w, http:\/\/s350233878.onlinehome.fr\/wp-content\/uploads\/2023\/07\/porte-fenetre-1-300x277.png 300w, http:\/\/s350233878.onlinehome.fr\/wp-content\/uploads\/2023\/07\/porte-fenetre-1-768x709.png 768w, http:\/\/s350233878.onlinehome.fr\/wp-content\/uploads\/2023\/07\/porte-fenetre-1-1536x1418.png 1536w, http:\/\/s350233878.onlinehome.fr\/wp-content\/uploads\/2023\/07\/porte-fenetre-1-1320x1219.png 1320w, http:\/\/s350233878.onlinehome.fr\/wp-content\/uploads\/2023\/07\/porte-fenetre-1-600x554.png 600w\" sizes=\"(max-width: 1024px) 100vw, 1024px\" \/>\t\t\t\t\t\t\t\t\t\t\t\t\t\t\t<\/div>\n\t\t\t\t<\/div>\n\t\t\t\t<div class=\"elementor-element elementor-element-69c91ae elementor-align-center elementor-widget elementor-widget-button\" data-id=\"69c91ae\" data-element_type=\"widget\" data-e-type=\"widget\" data-widget_type=\"button.default\">\n\t\t\t\t<div class=\"elementor-widget-container\">\n\t\t\t\t\t\t\t\t\t<div class=\"elementor-button-wrapper\">\n\t\t\t\t\t<a class=\"elementor-button elementor-button-link elementor-size-sm\" href=\"https:\/\/vtbati.fr\/vtbati\/index.php\/produit\/fenetre-bois\/?preview=true\">\n\t\t\t\t\t\t<span class=\"elementor-button-content-wrapper\">\n\t\t\t\t\t\t\t\t\t<span class=\"elementor-button-text\">En savoir plus <\/span>\n\t\t\t\t\t<\/span>\n\t\t\t\t\t<\/a>\n\t\t\t\t<\/div>\n\t\t\t\t\t\t\t\t<\/div>\n\t\t\t\t<\/div>\n\t\t\t\t\t<\/div>\n\t\t<\/div>\n\t\t\t\t<div class=\"elementor-column elementor-col-33 elementor-top-column elementor-element elementor-element-c5be2d0\" data-id=\"c5be2d0\" data-element_type=\"column\" data-e-type=\"column\">\n\t\t\t<div class=\"elementor-widget-wrap elementor-element-populated\">\n\t\t\t\t\t\t<div class=\"elementor-element elementor-element-2be0710 elementor-widget elementor-widget-heading\" data-id=\"2be0710\" data-element_type=\"widget\" data-e-type=\"widget\" data-widget_type=\"heading.default\">\n\t\t\t\t<div class=\"elementor-widget-container\">\n\t\t\t\t\t<h2 class=\"elementor-heading-title elementor-size-default\">ALU<\/h2>\t\t\t\t<\/div>\n\t\t\t\t<\/div>\n\t\t\t\t<div class=\"elementor-element elementor-element-66d2951 elementor-widget elementor-widget-image\" data-id=\"66d2951\" data-element_type=\"widget\" data-e-type=\"widget\" data-widget_type=\"image.default\">\n\t\t\t\t<div class=\"elementor-widget-container\">\n\t\t\t\t\t\t\t\t\t\t\t\t\t\t\t<img decoding=\"async\" width=\"681\" height=\"622\" src=\"http:\/\/s350233878.onlinehome.fr\/wp-content\/uploads\/2023\/07\/porte-fenetre-alu.png\" class=\"attachment-large size-large wp-image-1503\" alt=\"\" srcset=\"http:\/\/s350233878.onlinehome.fr\/wp-content\/uploads\/2023\/07\/porte-fenetre-alu.png 681w, http:\/\/s350233878.onlinehome.fr\/wp-content\/uploads\/2023\/07\/porte-fenetre-alu-300x274.png 300w, http:\/\/s350233878.onlinehome.fr\/wp-content\/uploads\/2023\/07\/porte-fenetre-alu-600x548.png 600w\" sizes=\"(max-width: 681px) 100vw, 681px\" \/>\t\t\t\t\t\t\t\t\t\t\t\t\t\t\t<\/div>\n\t\t\t\t<\/div>\n\t\t\t\t<div class=\"elementor-element elementor-element-e20e995 elementor-align-center elementor-widget elementor-widget-button\" data-id=\"e20e995\" data-element_type=\"widget\" data-e-type=\"widget\" data-widget_type=\"button.default\">\n\t\t\t\t<div class=\"elementor-widget-container\">\n\t\t\t\t\t\t\t\t\t<div class=\"elementor-button-wrapper\">\n\t\t\t\t\t<a class=\"elementor-button elementor-button-link elementor-size-sm\" href=\"https:\/\/vtbati.fr\/vtbati\/index.php\/produit\/fenetre-alu\/\">\n\t\t\t\t\t\t<span class=\"elementor-button-content-wrapper\">\n\t\t\t\t\t\t\t\t\t<span class=\"elementor-button-text\">En savoir plus <\/span>\n\t\t\t\t\t<\/span>\n\t\t\t\t\t<\/a>\n\t\t\t\t<\/div>\n\t\t\t\t\t\t\t\t<\/div>\n\t\t\t\t<\/div>\n\t\t\t\t\t<\/div>\n\t\t<\/div>\n\t\t\t\t\t<\/div>\n\t\t<\/section>\n\t\t\t\t<section class=\"elementor-section elementor-top-section elementor-element elementor-element-ff1ab78 elementor-section-stretched elementor-section-boxed elementor-section-height-default elementor-section-height-default\" data-id=\"ff1ab78\" data-element_type=\"section\" data-e-type=\"section\" data-settings=\"{&quot;stretch_section&quot;:&quot;section-stretched&quot;}\">\n\t\t\t\t\t\t<div class=\"elementor-container elementor-column-gap-default\">\n\t\t\t\t\t<div class=\"elementor-column elementor-col-50 elementor-top-column elementor-element elementor-element-da0af5f\" data-id=\"da0af5f\" data-element_type=\"column\" data-e-type=\"column\">\n\t\t\t<div class=\"elementor-widget-wrap elementor-element-populated\">\n\t\t\t\t\t\t<div class=\"elementor-element elementor-element-dd465ff elementor-widget elementor-widget-heading\" data-id=\"dd465ff\" data-element_type=\"widget\" data-e-type=\"widget\" data-widget_type=\"heading.default\">\n\t\t\t\t<div class=\"elementor-widget-container\">\n\t\t\t\t\t<h2 class=\"elementor-heading-title elementor-size-default\">COMMENT PRENDRE MES DIMENSIONS<\/h2>\t\t\t\t<\/div>\n\t\t\t\t<\/div>\n\t\t\t\t<div class=\"elementor-element elementor-element-662be4c elementor-widget elementor-widget-heading\" data-id=\"662be4c\" data-element_type=\"widget\" data-e-type=\"widget\" data-widget_type=\"heading.default\">\n\t\t\t\t<div class=\"elementor-widget-container\">\n\t\t\t\t\t<h5 class=\"elementor-heading-title elementor-size-default\">Notre guide complet pour r\u00e9ussir votre prise de c\u00f4tes<\/h5>\t\t\t\t<\/div>\n\t\t\t\t<\/div>\n\t\t\t\t<div class=\"elementor-element elementor-element-2e2fff2 elementor-widget elementor-widget-text-editor\" data-id=\"2e2fff2\" data-element_type=\"widget\" data-e-type=\"widget\" data-widget_type=\"text-editor.default\">\n\t\t\t\t<div class=\"elementor-widget-container\">\n\t\t\t\t\t\t\t\t\t<p>Toutes nos portes-fen\u00eatres sont fabriqu\u00e9es sur mesure, que ce soit pour le neuf ou la r\u00e9novation. Vous saisissez vos dimensions dans notre configurateur et le prix se calcule automatiquement Mais pour cela vous devez savoir comment\u00a0prendre les dimensions d&rsquo;une porte-fen\u00eatre.<\/p><p>Ce n&rsquo;est vraiment pas compliqu\u00e9 mais nous vous avons pr\u00e9par\u00e9 un guide sp\u00e9cial avec des conseils de pros en vous indiquant les diff\u00e9rents points \u00e0 v\u00e9rifier pour bien r\u00e9ussir la prise de c\u00f4tes. Munissez-vous d&rsquo;un m\u00e8tre, d&rsquo;un crayon et lancez-vous !<\/p>\t\t\t\t\t\t\t\t<\/div>\n\t\t\t\t<\/div>\n\t\t\t\t\t<\/div>\n\t\t<\/div>\n\t\t\t\t<div class=\"elementor-column elementor-col-50 elementor-top-column elementor-element elementor-element-01da6c9\" data-id=\"01da6c9\" data-element_type=\"column\" data-e-type=\"column\">\n\t\t\t<div class=\"elementor-widget-wrap elementor-element-populated\">\n\t\t\t\t\t\t<div class=\"elementor-element elementor-element-d47313f elementor-widget elementor-widget-image\" data-id=\"d47313f\" data-element_type=\"widget\" data-e-type=\"widget\" data-widget_type=\"image.default\">\n\t\t\t\t<div class=\"elementor-widget-container\">\n\t\t\t\t\t\t\t\t\t\t\t\t\t\t\t<img loading=\"lazy\" decoding=\"async\" width=\"682\" height=\"582\" src=\"http:\/\/s350233878.onlinehome.fr\/wp-content\/uploads\/2023\/07\/porte-fenetre.png\" class=\"attachment-large size-large wp-image-1501\" alt=\"\" srcset=\"http:\/\/s350233878.onlinehome.fr\/wp-content\/uploads\/2023\/07\/porte-fenetre.png 682w, http:\/\/s350233878.onlinehome.fr\/wp-content\/uploads\/2023\/07\/porte-fenetre-300x256.png 300w, http:\/\/s350233878.onlinehome.fr\/wp-content\/uploads\/2023\/07\/porte-fenetre-600x512.png 600w\" sizes=\"(max-width: 682px) 100vw, 682px\" \/>\t\t\t\t\t\t\t\t\t\t\t\t\t\t\t<\/div>\n\t\t\t\t<\/div>\n\t\t\t\t\t<\/div>\n\t\t<\/div>\n\t\t\t\t\t<\/div>\n\t\t<\/section>\n\t\t\t\t<section class=\"elementor-section elementor-top-section elementor-element elementor-element-68dcab5 elementor-section-stretched elementor-section-boxed elementor-section-height-default elementor-section-height-default\" data-id=\"68dcab5\" data-element_type=\"section\" data-e-type=\"section\" data-settings=\"{&quot;stretch_section&quot;:&quot;section-stretched&quot;}\">\n\t\t\t\t\t\t<div class=\"elementor-container elementor-column-gap-default\">\n\t\t\t\t\t<div class=\"elementor-column elementor-col-50 elementor-top-column elementor-element elementor-element-ffdf3ff\" data-id=\"ffdf3ff\" data-element_type=\"column\" data-e-type=\"column\">\n\t\t\t<div class=\"elementor-widget-wrap elementor-element-populated\">\n\t\t\t\t\t\t<div class=\"elementor-element elementor-element-bc89665 elementor-widget elementor-widget-image\" data-id=\"bc89665\" data-element_type=\"widget\" data-e-type=\"widget\" data-widget_type=\"image.default\">\n\t\t\t\t<div class=\"elementor-widget-container\">\n\t\t\t\t\t\t\t\t\t\t\t\t\t\t\t<img loading=\"lazy\" decoding=\"async\" width=\"717\" height=\"512\" src=\"http:\/\/s350233878.onlinehome.fr\/wp-content\/uploads\/2023\/07\/11.png\" class=\"attachment-large size-large wp-image-1444\" alt=\"\" srcset=\"http:\/\/s350233878.onlinehome.fr\/wp-content\/uploads\/2023\/07\/11.png 717w, http:\/\/s350233878.onlinehome.fr\/wp-content\/uploads\/2023\/07\/11-300x214.png 300w, http:\/\/s350233878.onlinehome.fr\/wp-content\/uploads\/2023\/07\/11-600x428.png 600w\" sizes=\"(max-width: 717px) 100vw, 717px\" \/>\t\t\t\t\t\t\t\t\t\t\t\t\t\t\t<\/div>\n\t\t\t\t<\/div>\n\t\t\t\t\t<\/div>\n\t\t<\/div>\n\t\t\t\t<div class=\"elementor-column elementor-col-50 elementor-top-column elementor-element elementor-element-9e641fb\" data-id=\"9e641fb\" data-element_type=\"column\" data-e-type=\"column\">\n\t\t\t<div class=\"elementor-widget-wrap elementor-element-populated\">\n\t\t\t\t\t\t<div class=\"elementor-element elementor-element-60b2da8 elementor-widget elementor-widget-heading\" data-id=\"60b2da8\" data-element_type=\"widget\" data-e-type=\"widget\" data-widget_type=\"heading.default\">\n\t\t\t\t<div class=\"elementor-widget-container\">\n\t\t\t\t\t<h2 class=\"elementor-heading-title elementor-size-default\">COMMENT POSER VOTRE <br>PORTE-FEN\u00caTRE<\/h2>\t\t\t\t<\/div>\n\t\t\t\t<\/div>\n\t\t\t\t<div class=\"elementor-element elementor-element-179227d elementor-widget elementor-widget-text-editor\" data-id=\"179227d\" data-element_type=\"widget\" data-e-type=\"widget\" data-widget_type=\"text-editor.default\">\n\t\t\t\t<div class=\"elementor-widget-container\">\n\t\t\t\t\t\t\t\t\t<p style=\"font-size: 15px; margin-right: 0px; margin-left: 0px; line-height: 1.8; text-align: justify; color: #212529; font-family: Lato, sans-serif;\">Si vous ne deviez retenir qu\u2019une valeur, ce serait 15,7 %. C\u2019est l\u2019augmentation du prix de la pose en 2 ans. Un chiffre relativement \u00e9lev\u00e9 qui s\u2019explique par la loi de l\u2019offre et de la demande. L\u2019offre de pose de menuiseries a explos\u00e9 alors que la demande a baiss\u00e9, ce qui a engendr\u00e9 une augmentation drastique de la prestation.<\/p><p style=\"font-size: 15px; margin-right: 0px; margin-left: 0px; line-height: 1.8; text-align: justify; color: #212529; font-family: Lato, sans-serif;\">Pour contourner cet \u00e9tat de fait, de plus en plus de Fran\u00e7ais font le choix de poser leurs portes-fen\u00eatres eux-m\u00eames, r\u00e9alisant au passage des \u00e9conomies non n\u00e9gligeables dans leur budget menuiserie. Dans une maison mal isol\u00e9e, les portes et fen\u00eatres sont responsables de gros gaspillages d&rsquo;\u00e9nergie. Les portes-fen\u00eatres en r\u00e9novation permettent de remplacer les anciennes menuiseries par des mod\u00e8les tr\u00e8s isolants qui vous feront faire de belles \u00e9conomies.<\/p>\t\t\t\t\t\t\t\t<\/div>\n\t\t\t\t<\/div>\n\t\t\t\t\t<\/div>\n\t\t<\/div>\n\t\t\t\t\t<\/div>\n\t\t<\/section>\n\t\t\t\t<section class=\"elementor-section elementor-top-section elementor-element elementor-element-2520ca5 elementor-section-stretched elementor-section-boxed elementor-section-height-default elementor-section-height-default\" data-id=\"2520ca5\" data-element_type=\"section\" data-e-type=\"section\" data-settings=\"{&quot;stretch_section&quot;:&quot;section-stretched&quot;}\">\n\t\t\t\t\t\t<div class=\"elementor-container elementor-column-gap-default\">\n\t\t\t\t\t<div class=\"elementor-column elementor-col-100 elementor-top-column elementor-element elementor-element-c67073e\" data-id=\"c67073e\" data-element_type=\"column\" data-e-type=\"column\">\n\t\t\t<div class=\"elementor-widget-wrap elementor-element-populated\">\n\t\t\t\t\t\t<div class=\"elementor-element elementor-element-8540f8c elementor-widget elementor-widget-text-editor\" data-id=\"8540f8c\" data-element_type=\"widget\" data-e-type=\"widget\" data-widget_type=\"text-editor.default\">\n\t\t\t\t<div class=\"elementor-widget-container\">\n\t\t\t\t\t\t\t\t\t<p>Acheter une porte-fen\u00eatre chez <span style=\"text-decoration: underline;\"><strong>VT Bati<\/strong><\/span> c&rsquo;est la possibilit\u00e9 de personnaliser compl\u00e8tement votre porte-fen\u00eatre. Le type de mat\u00e9riau (PVC ou aluminium), mais aussi la couleur, le vitrage, les petits bois. Nous proposons une gamme compl\u00e8te de <b>fen\u00eatres pour les chantiers de r\u00e9novation<\/b>\u00a0pour renforcer l&rsquo;isolation de votre maison, mais aussi des solutions adapt\u00e9es aux constructions neuves.<\/p><p>Parce que chaque projet est unique, chez <span style=\"text-decoration: underline;\"><strong>VT Bati<\/strong><\/span> nous ne proposons que des portes-fen\u00eatres fabriqu\u00e9es sp\u00e9cialement pour vous et adapt\u00e9es \u00e0 votre besoin. Une chose est certaine : en achetant votre ouverture chez nous, vous r\u00e9pondez \u00e0 vos probl\u00e9matiques de travaux tout en obtenant des portes-fen\u00eatres \u00e0 moindre co\u00fbt ! Et cela tombe bien : nos menuiseries vont vous permettre de r\u00e9aliser des \u00e9conomies sur le long terme !<\/p>\t\t\t\t\t\t\t\t<\/div>\n\t\t\t\t<\/div>\n\t\t\t\t\t<\/div>\n\t\t<\/div>\n\t\t\t\t\t<\/div>\n\t\t<\/section>\n\t\t\t\t<section class=\"elementor-section elementor-top-section elementor-element elementor-element-2294d29 elementor-section-stretched elementor-section-boxed elementor-section-height-default elementor-section-height-default\" data-id=\"2294d29\" data-element_type=\"section\" data-e-type=\"section\" data-settings=\"{&quot;stretch_section&quot;:&quot;section-stretched&quot;}\">\n\t\t\t\t\t\t<div class=\"elementor-container elementor-column-gap-default\">\n\t\t\t\t\t<div class=\"elementor-column elementor-col-50 elementor-top-column elementor-element elementor-element-f9198b2\" data-id=\"f9198b2\" data-element_type=\"column\" data-e-type=\"column\">\n\t\t\t<div class=\"elementor-widget-wrap elementor-element-populated\">\n\t\t\t\t\t\t<div class=\"elementor-element elementor-element-26fa795 elementor-widget elementor-widget-heading\" data-id=\"26fa795\" data-element_type=\"widget\" data-e-type=\"widget\" data-widget_type=\"heading.default\">\n\t\t\t\t<div class=\"elementor-widget-container\">\n\t\t\t\t\t<h2 class=\"elementor-heading-title elementor-size-default\">DES VRAIES PORTES-FEN\u00caTRES \nSUR MESURE<\/h2>\t\t\t\t<\/div>\n\t\t\t\t<\/div>\n\t\t\t\t<div class=\"elementor-element elementor-element-e8f7bb7 elementor-widget elementor-widget-text-editor\" data-id=\"e8f7bb7\" data-element_type=\"widget\" data-e-type=\"widget\" data-widget_type=\"text-editor.default\">\n\t\t\t\t<div class=\"elementor-widget-container\">\n\t\t\t\t\t\t\t\t\t<p>Des portes-fen\u00eatres anciennes ou en mauvais \u00e9tat et c&rsquo;est jusqu&rsquo;\u00e0 25% de votre chauffage qui s&rsquo;\u00e9chappe et votre facture qui s&rsquo;envole. Changer ses portes-fen\u00eatres est une priorit\u00e9 pour \u00e0 la fois am\u00e9liorer le confort thermique et acoustique de votre habitation. Le chauffage le moins cher est celui que vous ne payez pas. Commencez par regarder cette porte-fen\u00eatre qui ferme mal avant de changer votre syst\u00e8me de chauffage ! Installer \u00e0 la place une porte-fen\u00eatre en double vitrage s&rsquo;av\u00e8re souvent \u00eatre un investissement utile et rentable.<\/p><p>Si vous habitez dans une rue passante, la porte-fen\u00eatre double vitrage sera aussi votre meilleure alli\u00e9e pour am\u00e9liorer votre confort acoustique. Enfin, sachez que nos menuiseries s\u2019installent aussi bien sur du neuf que sur de l\u2019ancien : votre porte-fen\u00eatre est chez <span style=\"text-decoration: underline;\"><strong>VT Bati<\/strong><\/span> !<\/p><p>Place \u00e0 la d\u00e9couverte de nos portes-fen\u00eatres double vitrage ! En vous promenant dans nos rayons virtuels ici pr\u00e9sents, vous allez visualiser 3 grandes familles de menuiseries.<\/p>\t\t\t\t\t\t\t\t<\/div>\n\t\t\t\t<\/div>\n\t\t\t\t\t<\/div>\n\t\t<\/div>\n\t\t\t\t<div class=\"elementor-column elementor-col-50 elementor-top-column elementor-element elementor-element-6cde294\" data-id=\"6cde294\" data-element_type=\"column\" data-e-type=\"column\">\n\t\t\t<div class=\"elementor-widget-wrap elementor-element-populated\">\n\t\t\t\t\t\t<div class=\"elementor-element elementor-element-652337c elementor-widget elementor-widget-image\" data-id=\"652337c\" data-element_type=\"widget\" data-e-type=\"widget\" data-widget_type=\"image.default\">\n\t\t\t\t<div class=\"elementor-widget-container\">\n\t\t\t\t\t\t\t\t\t\t\t\t\t\t\t<img loading=\"lazy\" decoding=\"async\" width=\"682\" height=\"457\" src=\"http:\/\/s350233878.onlinehome.fr\/wp-content\/uploads\/2023\/07\/porte-fenetre1.png\" class=\"attachment-large size-large wp-image-1506\" alt=\"\" srcset=\"http:\/\/s350233878.onlinehome.fr\/wp-content\/uploads\/2023\/07\/porte-fenetre1.png 682w, http:\/\/s350233878.onlinehome.fr\/wp-content\/uploads\/2023\/07\/porte-fenetre1-300x201.png 300w, http:\/\/s350233878.onlinehome.fr\/wp-content\/uploads\/2023\/07\/porte-fenetre1-600x402.png 600w\" sizes=\"(max-width: 682px) 100vw, 682px\" \/>\t\t\t\t\t\t\t\t\t\t\t\t\t\t\t<\/div>\n\t\t\t\t<\/div>\n\t\t\t\t\t<\/div>\n\t\t<\/div>\n\t\t\t\t\t<\/div>\n\t\t<\/section>\n\t\t\t\t<section class=\"elementor-section elementor-top-section elementor-element elementor-element-3cfce8b elementor-section-stretched elementor-section-boxed elementor-section-height-default elementor-section-height-default\" data-id=\"3cfce8b\" data-element_type=\"section\" data-e-type=\"section\" data-settings=\"{&quot;stretch_section&quot;:&quot;section-stretched&quot;}\">\n\t\t\t\t\t\t<div class=\"elementor-container elementor-column-gap-default\">\n\t\t\t\t\t<div class=\"elementor-column elementor-col-50 elementor-top-column elementor-element elementor-element-9b904ac\" data-id=\"9b904ac\" data-element_type=\"column\" data-e-type=\"column\">\n\t\t\t<div class=\"elementor-widget-wrap elementor-element-populated\">\n\t\t\t\t\t\t<div class=\"elementor-element elementor-element-3c90953 elementor-widget elementor-widget-image\" data-id=\"3c90953\" data-element_type=\"widget\" data-e-type=\"widget\" data-widget_type=\"image.default\">\n\t\t\t\t<div class=\"elementor-widget-container\">\n\t\t\t\t\t\t\t\t\t\t\t\t\t\t\t<img loading=\"lazy\" decoding=\"async\" width=\"680\" height=\"576\" src=\"http:\/\/s350233878.onlinehome.fr\/wp-content\/uploads\/2023\/07\/porte-fenetre-pvc.png\" class=\"attachment-large size-large wp-image-1505\" alt=\"\" srcset=\"http:\/\/s350233878.onlinehome.fr\/wp-content\/uploads\/2023\/07\/porte-fenetre-pvc.png 680w, http:\/\/s350233878.onlinehome.fr\/wp-content\/uploads\/2023\/07\/porte-fenetre-pvc-300x254.png 300w, http:\/\/s350233878.onlinehome.fr\/wp-content\/uploads\/2023\/07\/porte-fenetre-pvc-600x508.png 600w\" sizes=\"(max-width: 680px) 100vw, 680px\" \/>\t\t\t\t\t\t\t\t\t\t\t\t\t\t\t<\/div>\n\t\t\t\t<\/div>\n\t\t\t\t\t<\/div>\n\t\t<\/div>\n\t\t\t\t<div class=\"elementor-column elementor-col-50 elementor-top-column elementor-element elementor-element-9fefda7\" data-id=\"9fefda7\" data-element_type=\"column\" data-e-type=\"column\">\n\t\t\t<div class=\"elementor-widget-wrap elementor-element-populated\">\n\t\t\t\t\t\t<div class=\"elementor-element elementor-element-cd16a0d elementor-widget elementor-widget-heading\" data-id=\"cd16a0d\" data-element_type=\"widget\" data-e-type=\"widget\" data-widget_type=\"heading.default\">\n\t\t\t\t<div class=\"elementor-widget-container\">\n\t\t\t\t\t<h2 class=\"elementor-heading-title elementor-size-default\">LES ATOUTS DE VOTRE MENUISERIE PVC SUR MESURE<\/h2>\t\t\t\t<\/div>\n\t\t\t\t<\/div>\n\t\t\t\t<div class=\"elementor-element elementor-element-f302d74 elementor-widget elementor-widget-text-editor\" data-id=\"f302d74\" data-element_type=\"widget\" data-e-type=\"widget\" data-widget_type=\"text-editor.default\">\n\t\t\t\t<div class=\"elementor-widget-container\">\n\t\t\t\t\t\t\t\t\t<p>Le PVC reste le mat\u00e9riau le plus vendu car il est le moins cher. Pour ceux qui ont un budget serr\u00e9 et qui recherchent une fen\u00eatre \u00e0 moindre co\u00fbt, la\u00a0fen\u00eatre PVC reste le meilleur choix. Aussi le PVC a su \u00e9voluer et se permet m\u00eame aujourd&rsquo;hui quelques fantaisies.<\/p><p>N\u2019allez pas croire que le PVC reste blanc\u00a0! Votre menuiserie sur mesure peut se parer de belles couleurs plax\u00e9es, par exemple imitation bois pour faire la diff\u00e9rence.<\/p>\t\t\t\t\t\t\t\t<\/div>\n\t\t\t\t<\/div>\n\t\t\t\t\t<\/div>\n\t\t<\/div>\n\t\t\t\t\t<\/div>\n\t\t<\/section>\n\t\t\t\t<section class=\"elementor-section elementor-top-section elementor-element elementor-element-a835263 elementor-section-stretched elementor-section-boxed elementor-section-height-default elementor-section-height-default\" data-id=\"a835263\" data-element_type=\"section\" data-e-type=\"section\" data-settings=\"{&quot;stretch_section&quot;:&quot;section-stretched&quot;}\">\n\t\t\t\t\t\t<div class=\"elementor-container elementor-column-gap-default\">\n\t\t\t\t\t<div class=\"elementor-column elementor-col-50 elementor-top-column elementor-element elementor-element-ebbaaae\" data-id=\"ebbaaae\" data-element_type=\"column\" data-e-type=\"column\">\n\t\t\t<div class=\"elementor-widget-wrap elementor-element-populated\">\n\t\t\t\t\t\t<div class=\"elementor-element elementor-element-785bba7 elementor-widget elementor-widget-heading\" data-id=\"785bba7\" data-element_type=\"widget\" data-e-type=\"widget\" data-widget_type=\"heading.default\">\n\t\t\t\t<div class=\"elementor-widget-container\">\n\t\t\t\t\t<h2 class=\"elementor-heading-title elementor-size-default\">LA FEN\u00caTRE BOIS REVIENT EN FORCE<\/h2>\t\t\t\t<\/div>\n\t\t\t\t<\/div>\n\t\t\t\t<div class=\"elementor-element elementor-element-fb7804d elementor-widget elementor-widget-text-editor\" data-id=\"fb7804d\" data-element_type=\"widget\" data-e-type=\"widget\" data-widget_type=\"text-editor.default\">\n\t\t\t\t<div class=\"elementor-widget-container\">\n\t\t\t\t\t\t\t\t\t<p>Un peu oubli\u00e9 et d\u00e9laiss\u00e9 ces derni\u00e8res ann\u00e9es, le bois revient au go\u00fbt du jour. D&rsquo;abord choisi pour remplacer les menuiseries dans les maisons anciennes, il permet de conserver le cachet existant et ne d\u00e9nature pas. Mais c&rsquo;est aussi un mat\u00e9riau qui offre de r\u00e9elles possibilit\u00e9s de personnalisation. La popularit\u00e9 des maisons bois et une envie de retrouver des mati\u00e8res nobles font que les\u00a0fen\u00eatres bois\u00a0retrouvent une place pr\u00e9pond\u00e9rante dans les nouvelles constructions. Elles ont su abandonner leur c\u00f4t\u00e9 vieillot et s&rsquo;adaptent sans probl\u00e8me aux habitations contemporaines.<\/p><p>Enfin, contrairement aux id\u00e9es re\u00e7ues, le bois ne n\u00e9cessite pas tant d&rsquo;entretien. Comme toutes les menuiseries, si vous en prenez soin elles vous accompagneront pendant des ann\u00e9es.<\/p>\t\t\t\t\t\t\t\t<\/div>\n\t\t\t\t<\/div>\n\t\t\t\t\t<\/div>\n\t\t<\/div>\n\t\t\t\t<div class=\"elementor-column elementor-col-50 elementor-top-column elementor-element elementor-element-0637370\" data-id=\"0637370\" data-element_type=\"column\" data-e-type=\"column\">\n\t\t\t<div class=\"elementor-widget-wrap elementor-element-populated\">\n\t\t\t\t\t\t<div class=\"elementor-element elementor-element-43cfa17 elementor-widget elementor-widget-image\" data-id=\"43cfa17\" data-element_type=\"widget\" data-e-type=\"widget\" data-widget_type=\"image.default\">\n\t\t\t\t<div class=\"elementor-widget-container\">\n\t\t\t\t\t\t\t\t\t\t\t\t\t\t\t<img loading=\"lazy\" decoding=\"async\" width=\"872\" height=\"432\" src=\"http:\/\/s350233878.onlinehome.fr\/wp-content\/uploads\/2023\/07\/coulissant-bois-2-vantaux.jpg\" class=\"attachment-large size-large wp-image-1435\" alt=\"coulissant-bois-2-vantaux\" srcset=\"http:\/\/s350233878.onlinehome.fr\/wp-content\/uploads\/2023\/07\/coulissant-bois-2-vantaux.jpg 872w, http:\/\/s350233878.onlinehome.fr\/wp-content\/uploads\/2023\/07\/coulissant-bois-2-vantaux-300x149.jpg 300w, http:\/\/s350233878.onlinehome.fr\/wp-content\/uploads\/2023\/07\/coulissant-bois-2-vantaux-768x380.jpg 768w, http:\/\/s350233878.onlinehome.fr\/wp-content\/uploads\/2023\/07\/coulissant-bois-2-vantaux-600x297.jpg 600w\" sizes=\"(max-width: 872px) 100vw, 872px\" \/>\t\t\t\t\t\t\t\t\t\t\t\t\t\t\t<\/div>\n\t\t\t\t<\/div>\n\t\t\t\t\t<\/div>\n\t\t<\/div>\n\t\t\t\t\t<\/div>\n\t\t<\/section>\n\t\t\t\t<section class=\"elementor-section elementor-top-section elementor-element elementor-element-1f3925e elementor-section-stretched elementor-section-boxed elementor-section-height-default elementor-section-height-default\" data-id=\"1f3925e\" data-element_type=\"section\" data-e-type=\"section\" data-settings=\"{&quot;stretch_section&quot;:&quot;section-stretched&quot;}\">\n\t\t\t\t\t\t<div class=\"elementor-container elementor-column-gap-default\">\n\t\t\t\t\t<div class=\"elementor-column elementor-col-50 elementor-top-column elementor-element elementor-element-98d807b\" data-id=\"98d807b\" data-element_type=\"column\" data-e-type=\"column\">\n\t\t\t<div class=\"elementor-widget-wrap elementor-element-populated\">\n\t\t\t\t\t\t<div class=\"elementor-element elementor-element-dc0a30b elementor-widget elementor-widget-image\" data-id=\"dc0a30b\" data-element_type=\"widget\" data-e-type=\"widget\" data-widget_type=\"image.default\">\n\t\t\t\t<div class=\"elementor-widget-container\">\n\t\t\t\t\t\t\t\t\t\t\t\t\t\t\t<img loading=\"lazy\" decoding=\"async\" width=\"596\" height=\"415\" src=\"http:\/\/s350233878.onlinehome.fr\/wp-content\/uploads\/2023\/07\/NOS-OUVRANTS-A-LA-FRANCAISE1.png\" class=\"attachment-large size-large wp-image-980\" alt=\"NOS OUVRANTS \u00c0 LA FRAN\u00c7AISE1\" srcset=\"http:\/\/s350233878.onlinehome.fr\/wp-content\/uploads\/2023\/07\/NOS-OUVRANTS-A-LA-FRANCAISE1.png 596w, http:\/\/s350233878.onlinehome.fr\/wp-content\/uploads\/2023\/07\/NOS-OUVRANTS-A-LA-FRANCAISE1-300x209.png 300w\" sizes=\"(max-width: 596px) 100vw, 596px\" \/>\t\t\t\t\t\t\t\t\t\t\t\t\t\t\t<\/div>\n\t\t\t\t<\/div>\n\t\t\t\t\t<\/div>\n\t\t<\/div>\n\t\t\t\t<div class=\"elementor-column elementor-col-50 elementor-top-column elementor-element elementor-element-e6424b4\" data-id=\"e6424b4\" data-element_type=\"column\" data-e-type=\"column\">\n\t\t\t<div class=\"elementor-widget-wrap elementor-element-populated\">\n\t\t\t\t\t\t<div class=\"elementor-element elementor-element-80891b7 elementor-widget elementor-widget-heading\" data-id=\"80891b7\" data-element_type=\"widget\" data-e-type=\"widget\" data-widget_type=\"heading.default\">\n\t\t\t\t<div class=\"elementor-widget-container\">\n\t\t\t\t\t<h2 class=\"elementor-heading-title elementor-size-default\">LA PROGRESSION CONSTANTE DE LA FEN\u00caTRE ALU SUR MESURE<\/h2>\t\t\t\t<\/div>\n\t\t\t\t<\/div>\n\t\t\t\t<div class=\"elementor-element elementor-element-0bc27ed elementor-widget elementor-widget-text-editor\" data-id=\"0bc27ed\" data-element_type=\"widget\" data-e-type=\"widget\" data-widget_type=\"text-editor.default\">\n\t\t\t\t<div class=\"elementor-widget-container\">\n\t\t\t\t\t\t\t\t\t<p style=\"font-size: 15px; margin-right: 0px; margin-left: 0px; line-height: 1.8; text-align: justify; color: #212529; font-family: Lato, sans-serif;\">La\u00a0fen\u00eatre aluminium\u00a0est de plus en plus populaire. En une dizaine d&rsquo;ann\u00e9es, sa progression s&rsquo;est accrue gr\u00e2ce notamment \u00e0 des prix de plus en plus abordables. Elle est aujourd&rsquo;hui le choix num\u00e9ro un des amoureux des belles fen\u00eatres \u00e0 l&rsquo;allure contemporaine et \u00e9l\u00e9gante.<\/p><p style=\"font-size: 15px; margin-right: 0px; margin-left: 0px; line-height: 1.8; text-align: justify; color: #212529; font-family: Lato, sans-serif;\">Avec ses montants affin\u00e9s et ses lignes \u00e9pur\u00e9es, c&rsquo;est la fen\u00eatre alu qui a la surface vitr\u00e9e la plus importante, ce qui apporte un maximum de lumi\u00e8re naturelle chez vous. C&rsquo;est aussi la fen\u00eatre qui permet de cr\u00e9er les structures les plus grandes, ce n&rsquo;est pas pour rien si elle est devenue la pr\u00e9f\u00e9r\u00e9e des architectes qui peuvent donner libre court \u00e0 leurs projets les plus fous.<\/p><p style=\"font-size: 15px; margin-right: 0px; margin-left: 0px; line-height: 1.8; text-align: justify; color: #212529; font-family: Lato, sans-serif;\">Enfin, la g\u00e9n\u00e9ralisation de la rupture de pont thermique permet aux fen\u00eatres alu de rivaliser en terme de performance avec les autres types de fen\u00eatres et de se conformer aux exigences des r\u00e8glementations thermiques.<\/p>\t\t\t\t\t\t\t\t<\/div>\n\t\t\t\t<\/div>\n\t\t\t\t\t<\/div>\n\t\t<\/div>\n\t\t\t\t\t<\/div>\n\t\t<\/section>\n\t\t\t\t<section class=\"elementor-section elementor-top-section elementor-element elementor-element-edcd5ad elementor-section-stretched elementor-section-boxed elementor-section-height-default elementor-section-height-default\" data-id=\"edcd5ad\" data-element_type=\"section\" data-e-type=\"section\" data-settings=\"{&quot;stretch_section&quot;:&quot;section-stretched&quot;}\">\n\t\t\t\t\t\t<div class=\"elementor-container elementor-column-gap-default\">\n\t\t\t\t\t<div class=\"elementor-column elementor-col-50 elementor-top-column elementor-element elementor-element-4c37b9f\" data-id=\"4c37b9f\" data-element_type=\"column\" data-e-type=\"column\">\n\t\t\t<div class=\"elementor-widget-wrap elementor-element-populated\">\n\t\t\t\t\t\t<div class=\"elementor-element elementor-element-2f8e251 elementor-widget elementor-widget-heading\" data-id=\"2f8e251\" data-element_type=\"widget\" data-e-type=\"widget\" data-widget_type=\"heading.default\">\n\t\t\t\t<div class=\"elementor-widget-container\">\n\t\t\t\t\t<h2 class=\"elementor-heading-title elementor-size-default\">DERNI\u00c8RE TENDANCE : <br>LA PORTE-FEN\u00caTRE <br>SUR MESURE <br>EN VERSION COULISSANTE<\/h2>\t\t\t\t<\/div>\n\t\t\t\t<\/div>\n\t\t\t\t<div class=\"elementor-element elementor-element-adf8419 elementor-widget elementor-widget-text-editor\" data-id=\"adf8419\" data-element_type=\"widget\" data-e-type=\"widget\" data-widget_type=\"text-editor.default\">\n\t\t\t\t<div class=\"elementor-widget-container\">\n\t\t\t\t\t\t\t\t\t<p>La porte-fen\u00eatre alu coulissante b\u00e9n\u00e9ficie des m\u00eames caract\u00e9ristiques que sa cousine la porte-fen\u00eatre aluminium \u00e0 ouverture battante, \u00e0 savoir un clair de jour optimis\u00e9, un design contemporain\u2026<\/p><p>Sa valeur ajout\u00e9e r\u00e9side dans la facilit\u00e9 d\u2019ouverture et de fermeture\u00a0! Elle glisse sur un rail&#8230;\u00a0 Ainsi, elle s\u2019entreb\u00e2ille ais\u00e9ment sans ouvrants qui viennent occuper de l\u2019espace suppl\u00e9mentaire, et fini les portes-fen\u00eatres qui claquent.<\/p>\t\t\t\t\t\t\t\t<\/div>\n\t\t\t\t<\/div>\n\t\t\t\t\t<\/div>\n\t\t<\/div>\n\t\t\t\t<div class=\"elementor-column elementor-col-50 elementor-top-column elementor-element elementor-element-6e3933d\" data-id=\"6e3933d\" data-element_type=\"column\" data-e-type=\"column\">\n\t\t\t<div class=\"elementor-widget-wrap elementor-element-populated\">\n\t\t\t\t\t\t<div class=\"elementor-element elementor-element-b516e0e elementor-widget elementor-widget-image\" data-id=\"b516e0e\" data-element_type=\"widget\" data-e-type=\"widget\" data-widget_type=\"image.default\">\n\t\t\t\t<div class=\"elementor-widget-container\">\n\t\t\t\t\t\t\t\t\t\t\t\t\t\t\t<img loading=\"lazy\" decoding=\"async\" width=\"645\" height=\"432\" src=\"http:\/\/s350233878.onlinehome.fr\/wp-content\/uploads\/2023\/06\/Baie-galandage-alu.png\" class=\"attachment-large size-large wp-image-631\" alt=\"Baie galandage alu\" srcset=\"http:\/\/s350233878.onlinehome.fr\/wp-content\/uploads\/2023\/06\/Baie-galandage-alu.png 645w, http:\/\/s350233878.onlinehome.fr\/wp-content\/uploads\/2023\/06\/Baie-galandage-alu-300x201.png 300w, http:\/\/s350233878.onlinehome.fr\/wp-content\/uploads\/2023\/06\/Baie-galandage-alu-600x402.png 600w\" sizes=\"(max-width: 645px) 100vw, 645px\" \/>\t\t\t\t\t\t\t\t\t\t\t\t\t\t\t<\/div>\n\t\t\t\t<\/div>\n\t\t\t\t\t<\/div>\n\t\t<\/div>\n\t\t\t\t\t<\/div>\n\t\t<\/section>\n\t\t\t\t<section class=\"elementor-section elementor-top-section elementor-element elementor-element-33a7391 elementor-section-stretched elementor-section-boxed elementor-section-height-default elementor-section-height-default\" data-id=\"33a7391\" data-element_type=\"section\" data-e-type=\"section\" data-settings=\"{&quot;stretch_section&quot;:&quot;section-stretched&quot;}\">\n\t\t\t\t\t\t<div class=\"elementor-container elementor-column-gap-default\">\n\t\t\t\t\t<div class=\"elementor-column elementor-col-100 elementor-top-column elementor-element elementor-element-3c3c517\" data-id=\"3c3c517\" data-element_type=\"column\" data-e-type=\"column\">\n\t\t\t<div class=\"elementor-widget-wrap elementor-element-populated\">\n\t\t\t\t\t\t<div class=\"elementor-element elementor-element-19ec742 elementor-widget elementor-widget-heading\" data-id=\"19ec742\" data-element_type=\"widget\" data-e-type=\"widget\" data-widget_type=\"heading.default\">\n\t\t\t\t<div class=\"elementor-widget-container\">\n\t\t\t\t\t<h2 class=\"elementor-heading-title elementor-size-default\">QUAND REMPLACER VOS VIEILLES MENUISERIES PAR \nDES PORTES-FEN\u00caTRES DOUBLE VITRAGE ?\n<\/h2>\t\t\t\t<\/div>\n\t\t\t\t<\/div>\n\t\t\t\t<div class=\"elementor-element elementor-element-444312c elementor-widget elementor-widget-text-editor\" data-id=\"444312c\" data-element_type=\"widget\" data-e-type=\"widget\" data-widget_type=\"text-editor.default\">\n\t\t\t\t<div class=\"elementor-widget-container\">\n\t\t\t\t\t\t\t\t\t<div class=\"col-md-6 col-sm-6 col-xs-12\"><p>Si vos menuiseries ne sont pas en bon \u00e9tat, que vous sentez des courants d&rsquo;air, que vous voyez de la condensation sur les vitres, ou tout simplement si vous voulez limiter les d\u00e9perditions \u00e9nerg\u00e9tiques de votre habitation, il est grand temps d&rsquo;installer des portes-fen\u00eatres double vitrage. Il n\u2019y a pas de saison de pr\u00e9dilection, mais attention tout de m\u00eame \u00e0 ne pas changer votre porte-fen\u00eatre au beau milieu de l\u2019hiver. Pr\u00e9parez votre chantier comme il se doit, notamment en prenant des mesures par anticipation, vous vous faciliterez la pose et la d\u00e9pose.<\/p><\/div><div class=\"col-md-6 col-sm-6 col-xs-12\"><p>Le temps que vous mettrez pour changer votre fen\u00eatre d\u00e9pendra du type de chantier que vous pr\u00e9voyez : d\u00e9pose totale ou partielle de votre ancienne menuiserie. Dans tous les cas, il est toujours plus agr\u00e9able de vous occuper de ce genre de t\u00e2che avec un soleil printanier plut\u00f4t que dans le froid hivernal. En fait, vous n\u2019\u00eates m\u00eame pas tenu de changer toutes vos menuiseries en m\u00eame temps ! Commencez par vous occuper de celles pr\u00e9sentes dans les pi\u00e8ces \u00e0 vivre (salon, chambre) l\u00e0 o\u00f9 le chauffage est indispensable, car vous r\u00e9aliserez de belles \u00e9conomies d\u2019\u00e9nergie.<\/p><\/div>\t\t\t\t\t\t\t\t<\/div>\n\t\t\t\t<\/div>\n\t\t\t\t\t<\/div>\n\t\t<\/div>\n\t\t\t\t\t<\/div>\n\t\t<\/section>\n\t\t\t\t<section class=\"elementor-section elementor-top-section elementor-element elementor-element-88a44c3 elementor-section-stretched elementor-section-boxed elementor-section-height-default elementor-section-height-default\" data-id=\"88a44c3\" data-element_type=\"section\" data-e-type=\"section\" data-settings=\"{&quot;stretch_section&quot;:&quot;section-stretched&quot;}\">\n\t\t\t\t\t\t<div class=\"elementor-container elementor-column-gap-default\">\n\t\t\t\t\t<div class=\"elementor-column elementor-col-100 elementor-top-column elementor-element elementor-element-5ec571c\" data-id=\"5ec571c\" data-element_type=\"column\" data-e-type=\"column\">\n\t\t\t<div class=\"elementor-widget-wrap elementor-element-populated\">\n\t\t\t\t\t\t<div class=\"elementor-element elementor-element-7d12e95 elementor-widget elementor-widget-image\" data-id=\"7d12e95\" data-element_type=\"widget\" data-e-type=\"widget\" data-widget_type=\"image.default\">\n\t\t\t\t<div class=\"elementor-widget-container\">\n\t\t\t\t\t\t\t\t\t\t\t\t\t\t\t<img loading=\"lazy\" decoding=\"async\" width=\"1024\" height=\"254\" src=\"http:\/\/s350233878.onlinehome.fr\/wp-content\/uploads\/2023\/10\/Sans-titre-100-1024x254.jpg\" class=\"attachment-large size-large wp-image-2081\" alt=\"Banni\u00e8re r\u00e9assurance\" srcset=\"http:\/\/s350233878.onlinehome.fr\/wp-content\/uploads\/2023\/10\/Sans-titre-100-1024x254.jpg 1024w, http:\/\/s350233878.onlinehome.fr\/wp-content\/uploads\/2023\/10\/Sans-titre-100-300x74.jpg 300w, http:\/\/s350233878.onlinehome.fr\/wp-content\/uploads\/2023\/10\/Sans-titre-100-768x190.jpg 768w, http:\/\/s350233878.onlinehome.fr\/wp-content\/uploads\/2023\/10\/Sans-titre-100-1536x381.jpg 1536w, http:\/\/s350233878.onlinehome.fr\/wp-content\/uploads\/2023\/10\/Sans-titre-100-2048x508.jpg 2048w, http:\/\/s350233878.onlinehome.fr\/wp-content\/uploads\/2023\/10\/Sans-titre-100-1320x327.jpg 1320w, http:\/\/s350233878.onlinehome.fr\/wp-content\/uploads\/2023\/10\/Sans-titre-100-600x149.jpg 600w\" sizes=\"(max-width: 1024px) 100vw, 1024px\" \/>\t\t\t\t\t\t\t\t\t\t\t\t\t\t\t<\/div>\n\t\t\t\t<\/div>\n\t\t\t\t\t<\/div>\n\t\t<\/div>\n\t\t\t\t\t<\/div>\n\t\t<\/section>\n\t\t\t\t<\/div>\n\t\t","protected":false},"excerpt":{"rendered":"<p>Porte-Fen\u00eatre PVC \/ BOIS \/ ALU Faites votre choix : Retour \u00e0 l&rsquo;acceuil PVC En savoir plus BOIS En savoir plus ALU En savoir plus COMMENT PRENDRE MES DIMENSIONS Notre&hellip;<\/p>\n","protected":false},"author":1,"featured_media":0,"parent":0,"menu_order":0,"comment_status":"closed","ping_status":"closed","template":"","meta":{"footnotes":""},"class_list":["post-1412","page","type-page","status-publish","hentry"],"_links":{"self":[{"href":"http:\/\/s350233878.onlinehome.fr\/index.php\/wp-json\/wp\/v2\/pages\/1412","targetHints":{"allow":["GET"]}}],"collection":[{"href":"http:\/\/s350233878.onlinehome.fr\/index.php\/wp-json\/wp\/v2\/pages"}],"about":[{"href":"http:\/\/s350233878.onlinehome.fr\/index.php\/wp-json\/wp\/v2\/types\/page"}],"author":[{"embeddable":true,"href":"http:\/\/s350233878.onlinehome.fr\/index.php\/wp-json\/wp\/v2\/users\/1"}],"replies":[{"embeddable":true,"href":"http:\/\/s350233878.onlinehome.fr\/index.php\/wp-json\/wp\/v2\/comments?post=1412"}],"version-history":[{"count":43,"href":"http:\/\/s350233878.onlinehome.fr\/index.php\/wp-json\/wp\/v2\/pages\/1412\/revisions"}],"predecessor-version":[{"id":2114,"href":"http:\/\/s350233878.onlinehome.fr\/index.php\/wp-json\/wp\/v2\/pages\/1412\/revisions\/2114"}],"wp:attachment":[{"href":"http:\/\/s350233878.onlinehome.fr\/index.php\/wp-json\/wp\/v2\/media?parent=1412"}],"curies":[{"name":"wp","href":"https:\/\/api.w.org\/{rel}","templated":true}]}}